{"id":10,"date":"2025-01-15T11:26:40","date_gmt":"2025-01-15T11:26:40","guid":{"rendered":"https:\/\/lle3espaicultural.com\/?page_id=10"},"modified":"2026-04-20T17:49:06","modified_gmt":"2026-04-20T17:49:06","slug":"home","status":"publish","type":"page","link":"https:\/\/lle3espaicultural.com\/es\/","title":{"rendered":"home"},"content":{"rendered":"<p>[et_pb_section fb_built=&#8221;1&#8243; fullwidth=&#8221;on&#8221; _builder_version=&#8221;4.27.4&#8243; _module_preset=&#8221;default&#8221; animation_style=&#8221;fade&#8221; sticky_position=&#8221;top&#8221; global_colors_info=&#8221;{}&#8221;][et_pb_fullwidth_menu logo=&#8221;http:\/\/lle3espaicultural.com\/wp-content\/uploads\/2025\/02\/logolle3min.png&#8221; logo_height=&#8221;50px&#8221; _builder_version=&#8221;4.27.4&#8243; _module_preset=&#8221;default&#8221; menu_font=&#8221;Archivo||||||||&#8221; menu_font_size=&#8221;16px&#8221; text_orientation=&#8221;right&#8221; global_colors_info=&#8221;{}&#8221;][\/et_pb_fullwidth_menu][\/et_pb_section][et_pb_section fb_built=&#8221;1&#8243; admin_label=&#8221;Header&#8221; _builder_version=&#8221;4.27.4&#8243; _module_preset=&#8221;default&#8221; background_color=&#8221;#212121&#8243; use_background_color_gradient=&#8221;on&#8221; background_color_gradient_direction=&#8221;90deg&#8221; background_color_gradient_stops=&#8221;rgba(255,255,255,0) 60%|gcid-2a386b1e-9149-40c6-b24d-5e9fedecf039 60%&#8221; background_image=&#8221;http:\/\/lle3espaicultural.com\/wp-content\/uploads\/2025\/02\/white-texture.png&#8221; background_video_mp4=&#8221;http:\/\/lle3espaicultural.com\/wp-content\/uploads\/2025\/02\/IMG_9427.mp4&#8243; background_last_edited=&#8221;on|desktop&#8221; use_background_color_gradient_tablet=&#8221;on&#8221; use_background_color_gradient_phone=&#8221;on&#8221; background_color_gradient_direction_tablet=&#8221;180deg&#8221; background_color_gradient_stops_tablet=&#8221;rgba(255,255,255,0) 60%|gcid-2a386b1e-9149-40c6-b24d-5e9fedecf039 60%&#8221; background_color_gradient_stops_phone=&#8221;rgba(255,255,255,0) 60%|gcid-2a386b1e-9149-40c6-b24d-5e9fedecf039 60%&#8221; custom_css_main_element=&#8221;height:60vh;&#8221; collapsed=&#8221;on&#8221; global_colors_info=&#8221;{}&#8221; custom_css_main_element_last_edited=&#8221;on|desktop&#8221; custom_css_main_element_phone=&#8221;height:80vh;&#8221; custom_css_main_element_tablet=&#8221;height:60vh;&#8221;][\/et_pb_section][et_pb_section fb_built=&#8221;1&#8243; _builder_version=&#8221;4.27.4&#8243; _module_preset=&#8221;default&#8221; custom_padding=&#8221;5px||2px|||&#8221; global_colors_info=&#8221;{}&#8221;][et_pb_row _builder_version=&#8221;4.27.4&#8243; _module_preset=&#8221;default&#8221; custom_padding=&#8221;11px|||||&#8221; global_colors_info=&#8221;{}&#8221;][et_pb_column type=&#8221;4_4&#8243; _builder_version=&#8221;4.27.4&#8243; _module_preset=&#8221;default&#8221; global_colors_info=&#8221;{}&#8221;][et_pb_text _builder_version=&#8221;4.27.4&#8243; _module_preset=&#8221;default&#8221; custom_margin=&#8221;-3px|||||&#8221; global_colors_info=&#8221;{}&#8221;]<\/p>\n<p style=\"text-align: center;\">\ud83d\udd07 Aquest v\u00eddeo no cont\u00e9 \u00e0udio, m\u00fasica ni di\u00e0legs<\/p>\n<p>[\/et_pb_text][\/et_pb_column][\/et_pb_row][\/et_pb_section][et_pb_section fb_built=&#8221;1&#8243; admin_label=&#8221;About&#8221; _builder_version=&#8221;4.25.1&#8243; _module_preset=&#8221;default&#8221; collapsed=&#8221;on&#8221; global_colors_info=&#8221;{}&#8221;][et_pb_row _builder_version=&#8221;4.27.4&#8243; _module_preset=&#8221;default&#8221; locked=&#8221;off&#8221; global_colors_info=&#8221;{}&#8221;][et_pb_column type=&#8221;4_4&#8243; _builder_version=&#8221;4.25.1&#8243; _module_preset=&#8221;default&#8221; global_colors_info=&#8221;{}&#8221;][et_pb_heading title=&#8221;Lle.3 espai cultural&#8221; _builder_version=&#8221;4.27.4&#8243; _module_preset=&#8221;99f23e94-3536-4490-b036-8c68e9c273b2&#8243; title_level=&#8221;h1&#8243; title_font=&#8221;||||||||&#8221; title_font_size_tablet=&#8221;&#8221; title_font_size_phone=&#8221;40px&#8221; title_font_size_last_edited=&#8221;on|desktop&#8221; locked=&#8221;off&#8221;][\/et_pb_heading][et_pb_text _builder_version=&#8221;4.27.4&#8243; _module_preset=&#8221;f3380e69-72d5-448b-9b5c-7ba3274c4c17&#8243; text_font=&#8221;Archivo||||||||&#8221; header_font=&#8221;||||||||&#8221; header_2_font=&#8221;||||||||&#8221; header_2_font_size=&#8221;24px&#8221; header_4_font=&#8221;||||||||&#8221; header_4_font_size_tablet=&#8221;&#8221; header_4_font_size_phone=&#8221;24px&#8221; header_4_font_size_last_edited=&#8221;on|desktop&#8221; locked=&#8221;off&#8221; global_colors_info=&#8221;{}&#8221;]<\/p>\n<h2 style=\"text-align: center;\">La llibreria<strong> Lle.3<\/strong> \u00e9s un espai que ha pres forma amb il\u00b7lusi\u00f3 i dedicaci\u00f3 per oferir un rac\u00f3 \u00fanic a tots els amants de la lectura i la cultura. <strong>Lle.3<\/strong> \u00e9s un lloc per perdre\u2019s entre les p\u00e0gines dels llibres, inspirar-se i compartir. Ofereix un ambient acollidor, pensat per despertar l\u2019amor per la lectura a la sala <strong><em>Cometes<\/em><\/strong>, on pots llegir, estudiar, fer treballs,&#8230;degustar un caf\u00e8 o un te; els m\u00e9s artistes a la sala <strong><em>Coixinet<\/em><\/strong> poden tocar, gravar-se, fer podcast,&#8230;i, a m\u00e9s, d\u2019una \u00e0mplia selecci\u00f3 de llibres d\u2019\u00faltimes novetats i cl\u00e0ssics per remenar, triar i comprar, la llibreria promou la cultura amb una \u00e0mplia agenda d\u2019activitats per a tots els gustos i edats al <em><strong>Pati<\/strong><\/em>. <br \/>A m\u00e9s a m\u00e9s, t&#8217;oferim el servei de redacci\u00f3 i correci\u00f3 de textos en catal\u00e0 i en castell\u00e0.<\/h2>\n<p>[\/et_pb_text][\/et_pb_column][\/et_pb_row][\/et_pb_section][et_pb_section fb_built=&#8221;1&#8243; admin_label=&#8221;My Books&#8221; _builder_version=&#8221;4.27.4&#8243; _module_preset=&#8221;default&#8221; background_color=&#8221;gcid-545c17f1-4e53-478d-9e2b-03daafc524a2&#8243; background_image=&#8221;http:\/\/lle3espaicultural.com\/wp-content\/uploads\/2025\/02\/white-texture.png&#8221; collapsed=&#8221;on&#8221; global_colors_info=&#8221;{%22gcid-545c17f1-4e53-478d-9e2b-03daafc524a2%22:%91%22background_color%22%93}&#8221;][et_pb_row _builder_version=&#8221;4.27.4&#8243; _module_preset=&#8221;default&#8221; global_colors_info=&#8221;{}&#8221;][et_pb_column type=&#8221;4_4&#8243; _builder_version=&#8221;4.25.1&#8243; _module_preset=&#8221;default&#8221; global_colors_info=&#8221;{}&#8221;][et_pb_heading title=&#8221;Llibres  &#8221; url=&#8221;https:\/\/lle3espaicultural.com\/llibres\/&#8221; _builder_version=&#8221;4.27.4&#8243; _module_preset=&#8221;99f23e94-3536-4490-b036-8c68e9c273b2&#8243; title_font=&#8221;||||||||&#8221; title_text_color=&#8221;#212121&#8243; background_color=&#8221;RGBA(255,255,255,0)&#8221; title_font_size_tablet=&#8221;&#8221; title_font_size_phone=&#8221;40px&#8221; title_font_size_last_edited=&#8221;on|desktop&#8221; border_radii=&#8221;off||||&#8221; border_width_all=&#8221;3px&#8221; border_color_all=&#8221;RGBA(255,255,255,0)&#8221; locked=&#8221;off&#8221;][\/et_pb_heading][et_pb_text _builder_version=&#8221;4.27.4&#8243; _module_preset=&#8221;f3380e69-72d5-448b-9b5c-7ba3274c4c17&#8243; text_font=&#8221;Archivo||||||||&#8221; header_font=&#8221;||||||||&#8221; header_2_font=&#8221;||||||||&#8221; header_2_font_size=&#8221;26px&#8221; header_4_font=&#8221;||||||||&#8221; header_4_font_size_tablet=&#8221;&#8221; header_4_font_size_phone=&#8221;24px&#8221; header_4_font_size_last_edited=&#8221;on|desktop&#8221; locked=&#8221;off&#8221; global_colors_info=&#8221;{}&#8221;]<\/p>\n<h2 style=\"text-align: center;\">A<strong> Lle.3<\/strong> tens les \u00faltimes novetats i els cl\u00e0ssics imprescindibles, de la literatura catalana i universal, un m\u00f3n de grans contes per a petits i joves, a m\u00e9s d&#8217;obres d\u2019autors i autores de casa nostra, per no perdre\u2019t ni una hist\u00f2ria.<\/h2>\n<h2 style=\"text-align: center;\">I si vols t\u00edtols concrets, te\u2019ls busquem i servim en pocs dies.<\/h2>\n<h2 style=\"text-align: center;\">T&#8217;esperem a<strong> Lle.3<\/strong>, on els llibres cobren vida.<\/h2>\n<p>[\/et_pb_text][et_pb_button button_url=&#8221;https:\/\/lle3espaicultural.com\/llibres\/&#8221; button_text=&#8221;VES ALS LLIBRES&#8221; button_alignment=&#8221;center&#8221; _builder_version=&#8221;4.27.4&#8243; _module_preset=&#8221;5aae1f96-83e9-4e6e-8236-41473e993cd4&#8243; button_bg_color=&#8221;#212121&#8243; locked=&#8221;off&#8221; global_colors_info=&#8221;{}&#8221;][\/et_pb_button][\/et_pb_column][\/et_pb_row][et_pb_row column_structure=&#8221;1_3,1_3,1_3&#8243; _builder_version=&#8221;4.25.1&#8243; _module_preset=&#8221;default&#8221; global_colors_info=&#8221;{}&#8221;][et_pb_column type=&#8221;1_3&#8243; _builder_version=&#8221;4.25.1&#8243; _module_preset=&#8221;default&#8221; global_colors_info=&#8221;{}&#8221;][et_pb_image src=&#8221;http:\/\/lle3espaicultural.com\/wp-content\/uploads\/2026\/03\/Animals-que-cauen-del-cel.jpg&#8221; title_text=&#8221;Animals que cauen del cel&#8221; _builder_version=&#8221;4.27.4&#8243; _module_preset=&#8221;default&#8221; custom_margin=&#8221;||0px||false|false&#8221; custom_padding=&#8221;10%|10%|7.1%|10%|false|true&#8221; box_shadow_style=&#8221;preset3&#8243; box_shadow_horizontal=&#8221;10px&#8221; box_shadow_vertical=&#8221;40px&#8221; box_shadow_blur=&#8221;40px&#8221; box_shadow_spread=&#8221;10px&#8221; box_shadow_color=&#8221;rgba(0,0,0,0.11)&#8221; global_colors_info=&#8221;{}&#8221; box_shadow_color__hover_enabled=&#8221;on|hover&#8221; box_shadow_color__hover=&#8221;RGBA(255,255,255,0)&#8221; transform_styles__hover_enabled=&#8221;on|hover&#8221; transform_scale__hover_enabled=&#8221;on|hover&#8221; transform_translate__hover_enabled=&#8221;on|hover&#8221; transform_rotate__hover_enabled=&#8221;on|hover&#8221; transform_skew__hover_enabled=&#8221;on|hover&#8221; transform_origin__hover_enabled=&#8221;on|hover&#8221; transform_scale__hover=&#8221;99%|99%&#8221;][\/et_pb_image][et_pb_button button_url=&#8221;@ET-DC@eyJkeW5hbWljIjp0cnVlLCJjb250ZW50IjoicG9zdF9saW5rX3VybF9wYWdlIiwic2V0dGluZ3MiOnsicG9zdF9pZCI6IjIwNDQifX0=@&#8221; button_text=&#8221;VEURE M\u00c9S&#8221; button_alignment=&#8221;center&#8221; _builder_version=&#8221;4.27.4&#8243; _dynamic_attributes=&#8221;button_url&#8221; _module_preset=&#8221;default&#8221; custom_button=&#8221;on&#8221; button_text_size=&#8221;14px&#8221; button_text_color=&#8221;#FFFFFF&#8221; button_bg_color=&#8221;#212121&#8243; button_border_width=&#8221;0px&#8221; button_border_radius=&#8221;0px&#8221; custom_padding=&#8221;15px|30px|15px|30px|true|true&#8221; global_colors_info=&#8221;{}&#8221;][\/et_pb_button][et_pb_heading title=&#8221;Animals que cauen del cel&#8221; _builder_version=&#8221;4.27.4&#8243; _module_preset=&#8221;a8cb98eb-f60f-4c4f-9d87-69f7b33f3b79&#8243; title_level=&#8221;h3&#8243; title_text_align=&#8221;center&#8221; custom_margin=&#8221;||0px||false|false&#8221; locked=&#8221;off&#8221;][\/et_pb_heading][et_pb_text _builder_version=&#8221;4.27.4&#8243; _module_preset=&#8221;1c8d5b0e-2bb0-4947-ae1c-7a506bc1165a&#8221; text_orientation=&#8221;center&#8221; locked=&#8221;off&#8221; global_colors_info=&#8221;{}&#8221;]<\/p>\n<p><span>Una hist\u00f2ria captivadora que convida a aturar-se, observar i creure en la m\u00e0gia de les coses petites. <strong>Premi Folch i Torres 2026.<\/strong><\/span><\/p>\n<p>[\/et_pb_text][\/et_pb_column][et_pb_column type=&#8221;1_3&#8243; _builder_version=&#8221;4.25.1&#8243; _module_preset=&#8221;default&#8221; global_colors_info=&#8221;{}&#8221;][et_pb_image src=&#8221;http:\/\/lle3espaicultural.com\/wp-content\/uploads\/2026\/03\/Una-veritat-1.jpg&#8221; title_text=&#8221;Una veritat&#8221; _builder_version=&#8221;4.27.4&#8243; _module_preset=&#8221;default&#8221; min_height=&#8221;411.7px&#8221; custom_margin=&#8221;||0px||false|false&#8221; custom_padding=&#8221;3.3%|10%|3.3%|10%|true|true&#8221; box_shadow_style=&#8221;preset3&#8243; box_shadow_horizontal=&#8221;10px&#8221; box_shadow_vertical=&#8221;40px&#8221; box_shadow_blur=&#8221;40px&#8221; box_shadow_spread=&#8221;10px&#8221; box_shadow_color=&#8221;rgba(0,0,0,0.11)&#8221; locked=&#8221;off&#8221; global_colors_info=&#8221;{}&#8221; box_shadow_color__hover_enabled=&#8221;on|hover&#8221; box_shadow_color__hover=&#8221;RGBA(255,255,255,0)&#8221; transform_styles__hover_enabled=&#8221;on|hover&#8221; transform_scale__hover=&#8221;99%|99%&#8221; transform_scale__hover_enabled=&#8221;on|hover&#8221; transform_translate__hover_enabled=&#8221;on|hover&#8221; transform_rotate__hover_enabled=&#8221;on|hover&#8221; transform_skew__hover_enabled=&#8221;on|hover&#8221; transform_origin__hover_enabled=&#8221;on|hover&#8221;][\/et_pb_image][et_pb_button button_url=&#8221;@ET-DC@eyJkeW5hbWljIjp0cnVlLCJjb250ZW50IjoicG9zdF9saW5rX3VybF9wYWdlIiwic2V0dGluZ3MiOnsicG9zdF9pZCI6IjIwMzkifX0=@&#8221; button_text=&#8221;VEURE M\u00c9S&#8221; button_alignment=&#8221;center&#8221; _builder_version=&#8221;4.27.4&#8243; _dynamic_attributes=&#8221;button_url&#8221; _module_preset=&#8221;default&#8221; custom_button=&#8221;on&#8221; button_text_size=&#8221;14px&#8221; button_text_color=&#8221;#FFFFFF&#8221; button_bg_color=&#8221;#212121&#8243; button_border_width=&#8221;0px&#8221; button_border_radius=&#8221;0px&#8221; custom_padding=&#8221;15px|30px|15px|30px|true|true&#8221; global_colors_info=&#8221;{}&#8221;][\/et_pb_button][et_pb_heading title=&#8221;Una veritat&#8221; _builder_version=&#8221;4.27.4&#8243; _module_preset=&#8221;a8cb98eb-f60f-4c4f-9d87-69f7b33f3b79&#8243; title_level=&#8221;h3&#8243; title_text_align=&#8221;center&#8221; custom_margin=&#8221;||0px||false|false&#8221; locked=&#8221;off&#8221;][\/et_pb_heading][et_pb_text _builder_version=&#8221;4.27.4&#8243; _module_preset=&#8221;1c8d5b0e-2bb0-4947-ae1c-7a506bc1165a&#8221; text_orientation=&#8221;center&#8221; locked=&#8221;off&#8221; global_colors_info=&#8221;{}&#8221;]<\/p>\n<p><span>L\u2019Alejandro Palomas crea en aquesta hist\u00f2ria un m\u00f3n interior ric, fascinant i ple de matisos. <strong>Premi Joaquim Ruyra Literatura Juvenil 2026.<\/strong><\/span><\/p>\n<p>[\/et_pb_text][\/et_pb_column][et_pb_column type=&#8221;1_3&#8243; _builder_version=&#8221;4.25.1&#8243; _module_preset=&#8221;default&#8221; global_colors_info=&#8221;{}&#8221;][et_pb_image src=&#8221;http:\/\/lle3espaicultural.com\/wp-content\/uploads\/2026\/03\/Prometeu-de-mil-maneres.jpg&#8221; title_text=&#8221;Prometeu de mil maneres&#8221; _builder_version=&#8221;4.27.4&#8243; _module_preset=&#8221;default&#8221; custom_margin=&#8221;||0px||false|false&#8221; custom_padding=&#8221;7.2%|10%|7.2%|10%|true|true&#8221; box_shadow_style=&#8221;preset3&#8243; box_shadow_horizontal=&#8221;10px&#8221; box_shadow_vertical=&#8221;40px&#8221; box_shadow_blur=&#8221;40px&#8221; box_shadow_spread=&#8221;10px&#8221; box_shadow_color=&#8221;rgba(0,0,0,0.11)&#8221; locked=&#8221;off&#8221; global_colors_info=&#8221;{}&#8221; box_shadow_color__hover_enabled=&#8221;on|hover&#8221; box_shadow_color__hover=&#8221;RGBA(255,255,255,0)&#8221; transform_styles__hover_enabled=&#8221;on|hover&#8221; transform_scale__hover=&#8221;99%|99%&#8221; transform_scale__hover_enabled=&#8221;on|hover&#8221; transform_translate__hover_enabled=&#8221;on|hover&#8221; transform_rotate__hover_enabled=&#8221;on|hover&#8221; transform_skew__hover_enabled=&#8221;on|hover&#8221; transform_origin__hover_enabled=&#8221;on|hover&#8221;][\/et_pb_image][et_pb_button button_url=&#8221;@ET-DC@eyJkeW5hbWljIjp0cnVlLCJjb250ZW50IjoicG9zdF9saW5rX3VybF9wYWdlIiwic2V0dGluZ3MiOnsicG9zdF9pZCI6IjIwMzQifX0=@&#8221; button_text=&#8221;VEURE M\u00c9S&#8221; button_alignment=&#8221;center&#8221; _builder_version=&#8221;4.27.4&#8243; _dynamic_attributes=&#8221;button_url&#8221; _module_preset=&#8221;default&#8221; custom_button=&#8221;on&#8221; button_text_size=&#8221;14px&#8221; button_text_color=&#8221;#FFFFFF&#8221; button_bg_color=&#8221;#212121&#8243; button_border_width=&#8221;0px&#8221; button_border_radius=&#8221;0px&#8221; custom_padding=&#8221;15px|30px|15px|30px|true|true&#8221; global_colors_info=&#8221;{}&#8221;][\/et_pb_button][et_pb_heading title=&#8221;Prometeu de mil maneres&#8221; _builder_version=&#8221;4.27.4&#8243; _module_preset=&#8221;a8cb98eb-f60f-4c4f-9d87-69f7b33f3b79&#8243; title_level=&#8221;h3&#8243; title_text_align=&#8221;center&#8221; custom_margin=&#8221;||0px||false|false&#8221; locked=&#8221;off&#8221;][\/et_pb_heading][et_pb_text _builder_version=&#8221;4.27.4&#8243; _module_preset=&#8221;1c8d5b0e-2bb0-4947-ae1c-7a506bc1165a&#8221; text_orientation=&#8221;center&#8221; locked=&#8221;off&#8221; global_colors_info=&#8221;{}&#8221;]<\/p>\n<p><span>Una novel \u00b7la coral que amalgama desig, mentida, lluita de classes, marginalitat i necessitat d&#8217;amor. <strong>Premi Sant Jordi 2026<\/strong>.<\/span><\/p>\n<p>[\/et_pb_text][\/et_pb_column][\/et_pb_row][et_pb_row _builder_version=&#8221;4.25.1&#8243; _module_preset=&#8221;default&#8221; global_colors_info=&#8221;{}&#8221;][et_pb_column type=&#8221;4_4&#8243; _builder_version=&#8221;4.25.1&#8243; _module_preset=&#8221;default&#8221; global_colors_info=&#8221;{}&#8221;][et_pb_heading title=&#8221;Botiga online&#8221; _builder_version=&#8221;4.27.4&#8243; _module_preset=&#8221;99f23e94-3536-4490-b036-8c68e9c273b2&#8243; title_font=&#8221;||||||||&#8221; title_font_size_phone=&#8221;40px&#8221; locked=&#8221;off&#8221;][\/et_pb_heading][et_pb_text _builder_version=&#8221;4.27.4&#8243; _module_preset=&#8221;f3380e69-72d5-448b-9b5c-7ba3274c4c17&#8243; text_font=&#8221;Archivo||||||||&#8221; header_font=&#8221;||||||||&#8221; header_3_font=&#8221;||||||||&#8221; header_3_font_size=&#8221;26px&#8221; header_4_font=&#8221;||||||||&#8221; header_4_font_size_tablet=&#8221;&#8221; header_4_font_size_phone=&#8221;24px&#8221; header_4_font_size_last_edited=&#8221;on|desktop&#8221; locked=&#8221;off&#8221; global_colors_info=&#8221;{}&#8221;]<\/p>\n<h3 style=\"text-align: center;\">Formem part de la xarxa de llibreries <em>Libelista<\/em>, per a qu\u00e8 puguis comprar des de casa<\/h3>\n<h3 style=\"text-align: center;\">i vindre a recollir-ho a <strong>Lle.3<\/strong>, o t\u2019ho portem.<\/h3>\n<p>[\/et_pb_text][et_pb_button button_url=&#8221;https:\/\/libelista.com\/libelista\/registro?companyId=174&#8243; button_text=&#8221;VES A LA BOTIGA&#8221; button_alignment=&#8221;center&#8221; _builder_version=&#8221;4.27.4&#8243; _module_preset=&#8221;5aae1f96-83e9-4e6e-8236-41473e993cd4&#8243; button_bg_color=&#8221;#212121&#8243; locked=&#8221;off&#8221; global_colors_info=&#8221;{}&#8221;][\/et_pb_button][\/et_pb_column][\/et_pb_row][\/et_pb_section][et_pb_section fb_built=&#8221;1&#8243; admin_label=&#8221;Subscribe&#8221; _builder_version=&#8221;4.27.4&#8243; _module_preset=&#8221;default&#8221; background_color=&#8221;#FFFFFF&#8221; custom_padding=&#8221;20px||20px||true|false&#8221; collapsed=&#8221;on&#8221; global_colors_info=&#8221;{}&#8221;][et_pb_row column_structure=&#8221;1_2,1_2&#8243; disabled_on=&#8221;on|on|on&#8221; _builder_version=&#8221;4.25.1&#8243; _module_preset=&#8221;default&#8221; disabled=&#8221;on&#8221; global_colors_info=&#8221;{}&#8221;][et_pb_column type=&#8221;1_2&#8243; _builder_version=&#8221;4.25.1&#8243; _module_preset=&#8221;default&#8221; global_colors_info=&#8221;{}&#8221;][et_pb_heading title=&#8221;Vols rebre el nostre butllet\u00ed? Uneix-te!&#8221; _builder_version=&#8221;4.27.4&#8243; _module_preset=&#8221;ca4de89e-72c2-4a19-be2d-5407d7427665&#8243; title_font=&#8221;&#8211;et_global_heading_font||||||||&#8221; title_text_align=&#8221;left&#8221; custom_margin=&#8221;||10px||false|false&#8221; title_text_align_tablet=&#8221;left&#8221; title_text_align_phone=&#8221;center&#8221; title_text_align_last_edited=&#8221;on|desktop&#8221; title_font_size_phone=&#8221;28px&#8221; locked=&#8221;off&#8221;][\/et_pb_heading][\/et_pb_column][et_pb_column type=&#8221;1_2&#8243; _builder_version=&#8221;4.25.1&#8243; _module_preset=&#8221;default&#8221; global_colors_info=&#8221;{}&#8221;][et_pb_signup mailchimp_list=&#8221;elegantthemestest|1ea2bbd026&#8243; first_name_field=&#8221;off&#8221; last_name_field=&#8221;off&#8221; button_text=&#8221;SUBSCRIU-ME&#8221; _builder_version=&#8221;4.27.4&#8243; _module_preset=&#8221;7625a04b-e03d-441a-825e-d6a70f3dfa9f&#8221; locked=&#8221;off&#8221; global_colors_info=&#8221;{%22gcid-primary-color%22:%91%22form_field_text_color%22,%22form_field_focus_text_color%22%93}&#8221;][\/et_pb_signup][\/et_pb_column][\/et_pb_row][\/et_pb_section][et_pb_section fb_built=&#8221;1&#8243; admin_label=&#8221;Events&#8221; _builder_version=&#8221;4.25.1&#8243; _module_preset=&#8221;default&#8221; locked=&#8221;off&#8221; collapsed=&#8221;on&#8221; global_colors_info=&#8221;{}&#8221;][et_pb_row _builder_version=&#8221;4.25.1&#8243; _module_preset=&#8221;default&#8221; locked=&#8221;off&#8221; global_colors_info=&#8221;{}&#8221;][et_pb_column type=&#8221;4_4&#8243; _builder_version=&#8221;4.25.1&#8243; _module_preset=&#8221;default&#8221; global_colors_info=&#8221;{}&#8221;][et_pb_heading title=&#8221;Agenda&#8221; _builder_version=&#8221;4.27.4&#8243; _module_preset=&#8221;99f23e94-3536-4490-b036-8c68e9c273b2&#8243; title_font=&#8221;||||||||&#8221; title_font_size_phone=&#8221;40px&#8221; locked=&#8221;off&#8221;][\/et_pb_heading][et_pb_text _builder_version=&#8221;4.27.4&#8243; _module_preset=&#8221;f3380e69-72d5-448b-9b5c-7ba3274c4c17&#8243; text_font=&#8221;Archivo||||||||&#8221; header_font=&#8221;||||||||&#8221; header_3_font=&#8221;||||||||&#8221; header_3_font_size=&#8221;26px&#8221; header_4_font=&#8221;||||||||&#8221; header_4_font_size_tablet=&#8221;&#8221; header_4_font_size_phone=&#8221;24px&#8221; header_4_font_size_last_edited=&#8221;on|desktop&#8221; locked=&#8221;off&#8221; global_colors_info=&#8221;{}&#8221;]<\/p>\n<h3 style=\"text-align: center;\">A <strong>Lle.3<\/strong> t&#8217;oferim una programaci\u00f3 d&#8217;activitats obertes a tothom, com contacontes, presentacions de llibres, tallers de lectura, micro concerts, etc. Anota les dates i vine, t&#8217;esperem!<\/h3>\n<p>[\/et_pb_text][\/et_pb_column][\/et_pb_row][et_pb_row column_structure=&#8221;1_3,2_3&#8243; custom_padding_last_edited=&#8221;on|phone&#8221; disabled_on=&#8221;on|on|on&#8221; _builder_version=&#8221;4.25.1&#8243; _module_preset=&#8221;default&#8221; custom_margin=&#8221;||40px||false|false&#8221; custom_margin_tablet=&#8221;||30px||false|false&#8221; custom_margin_phone=&#8221;||20px||false|false&#8221; custom_margin_last_edited=&#8221;on|phone&#8221; custom_padding=&#8221;30px|30px|30px|30px|true|true&#8221; custom_padding_tablet=&#8221;30px|30px|30px|30px|true|true&#8221; custom_padding_phone=&#8221;20px|20px|20px|20px|true|true&#8221; border_width_all=&#8221;2px&#8221; border_color_all=&#8221;rgba(0,0,0,0.12)&#8221; disabled=&#8221;on&#8221; global_colors_info=&#8221;{}&#8221;][et_pb_column type=&#8221;1_3&#8243; _builder_version=&#8221;4.25.1&#8243; _module_preset=&#8221;default&#8221; global_colors_info=&#8221;{}&#8221;][et_pb_heading _builder_version=&#8221;4.27.4&#8243; _module_preset=&#8221;a8cb98eb-f60f-4c4f-9d87-69f7b33f3b79&#8243; title_level=&#8221;h4&#8243; title_text_color=&#8221;#212121&#8243; custom_margin=&#8221;||0px||false|false&#8221; locked=&#8221;off&#8221; global_colors_info=&#8221;{}&#8221;][\/et_pb_heading][et_pb_text _builder_version=&#8221;4.27.4&#8243; _module_preset=&#8221;f3380e69-72d5-448b-9b5c-7ba3274c4c17&#8243; locked=&#8221;off&#8221; global_colors_info=&#8221;{}&#8221;]<\/p>\n<p>C. Sant Sebasti\u00e0, 37<\/p>\n<p>La R\u00e0pita<\/p>\n<p>[\/et_pb_text][\/et_pb_column][et_pb_column type=&#8221;2_3&#8243; _builder_version=&#8221;4.25.1&#8243; _module_preset=&#8221;default&#8221; global_colors_info=&#8221;{}&#8221;][et_pb_heading title=&#8221;HORARI ESPECIAL PASQUA 2026.&#8221; _builder_version=&#8221;4.27.4&#8243; _module_preset=&#8221;a8cb98eb-f60f-4c4f-9d87-69f7b33f3b79&#8243; title_level=&#8221;h4&#8243; custom_margin=&#8221;||0px||false|false&#8221; locked=&#8221;off&#8221;][\/et_pb_heading][et_pb_text _builder_version=&#8221;4.27.4&#8243; _module_preset=&#8221;f3380e69-72d5-448b-9b5c-7ba3274c4c17&#8243; global_colors_info=&#8221;{}&#8221;]<\/p>\n<p>Us informem de l&#8217;horari d&#8217;obertura de la llibreria en motiu de la Pasqua.<\/p>\n<p><strong>Divendres, 3 d&#8217;abril <\/strong>obrim de 10.30 a 13.00h,<\/p>\n<p><strong>Dissabte, 4 d&#8217;abril <\/strong>obrim de 10.30 a 13.00h.<\/p>\n<p><strong>Diumenge 5 i dilluns 6 d&#8217;abril <\/strong>tancat.<\/p>\n<p>Recordeu que per a reserves o consultes podeu adre\u00e7ar-vos a la llibreria, al whatsapp 654825816 o aqu\u00ed mateix.<\/p>\n<p>[\/et_pb_text][et_pb_button button_url=&#8221;@ET-DC@eyJkeW5hbWljIjp0cnVlLCJjb250ZW50IjoicG9zdF9saW5rX3VybF9wYWdlIiwic2V0dGluZ3MiOnsicG9zdF9pZCI6IjQyIn19@&#8221; button_text=&#8221;RESERVES&#8221; disabled_on=&#8221;off|off|off&#8221; _builder_version=&#8221;4.27.4&#8243; _dynamic_attributes=&#8221;button_url&#8221; _module_preset=&#8221;1efee982-4cb8-4e2d-a79f-bb90dc7cd646&#8243; locked=&#8221;off&#8221; global_colors_info=&#8221;{}&#8221;][\/et_pb_button][\/et_pb_column][\/et_pb_row][et_pb_row column_structure=&#8221;1_3,2_3&#8243; custom_padding_last_edited=&#8221;on|phone&#8221; disabled_on=&#8221;on|on|on&#8221; _builder_version=&#8221;4.25.1&#8243; _module_preset=&#8221;default&#8221; custom_margin=&#8221;||40px||false|false&#8221; custom_margin_tablet=&#8221;||30px||false|false&#8221; custom_margin_phone=&#8221;||20px||false|false&#8221; custom_margin_last_edited=&#8221;on|phone&#8221; custom_padding=&#8221;25px|30px|25px|30px|true|true&#8221; custom_padding_tablet=&#8221;30px|30px|30px|30px|true|true&#8221; custom_padding_phone=&#8221;20px|20px|20px|20px|true|true&#8221; border_width_all=&#8221;2px&#8221; border_color_all=&#8221;rgba(0,0,0,0.12)&#8221; disabled=&#8221;on&#8221; global_colors_info=&#8221;{}&#8221;][et_pb_column type=&#8221;1_3&#8243; _builder_version=&#8221;4.25.1&#8243; _module_preset=&#8221;default&#8221; global_colors_info=&#8221;{}&#8221;][et_pb_heading title=&#8221;Divendres, 10 d&#8217;abril&#8221; _builder_version=&#8221;4.27.4&#8243; _module_preset=&#8221;a8cb98eb-f60f-4c4f-9d87-69f7b33f3b79&#8243; title_level=&#8221;h4&#8243; title_text_color=&#8221;#212121&#8243; custom_margin=&#8221;||0px||false|false&#8221; locked=&#8221;off&#8221; global_colors_info=&#8221;{}&#8221;][\/et_pb_heading][et_pb_text _builder_version=&#8221;4.27.4&#8243; _module_preset=&#8221;f3380e69-72d5-448b-9b5c-7ba3274c4c17&#8243; global_colors_info=&#8221;{}&#8221;]<\/p>\n<p>Club de lectura<\/p>\n<p>A les 18.30 hores<\/p>\n<p>Carrer Sant Sebasti\u00e0, 37<\/p>\n<p>La R\u00e0pita<\/p>\n<p>[\/et_pb_text][\/et_pb_column][et_pb_column type=&#8221;2_3&#8243; _builder_version=&#8221;4.25.1&#8243; _module_preset=&#8221;default&#8221; global_colors_info=&#8221;{}&#8221;][et_pb_heading title=&#8221;SANT JORDI 2026. Caf\u00e8 literari L&#8217;\u00e0nima de Lle.3.&#8221; _builder_version=&#8221;4.27.4&#8243; _module_preset=&#8221;a8cb98eb-f60f-4c4f-9d87-69f7b33f3b79&#8243; title_level=&#8221;h4&#8243; custom_margin=&#8221;||0px||false|false&#8221; locked=&#8221;off&#8221;][\/et_pb_heading][et_pb_text _builder_version=&#8221;4.27.4&#8243; _module_preset=&#8221;f3380e69-72d5-448b-9b5c-7ba3274c4c17&#8243; global_colors_info=&#8221;{}&#8221;]<\/p>\n<p>Encetem la programaci\u00f3 de<strong> Sant Jordi<\/strong> amb la sessi\u00f3 del 9\u00e8. Caf\u00e8 literari amb la lectura <em>Dorayaki<\/em> de Durian Sukegawa.<\/p>\n<p>Vine a compartir una novel\u00b7la visual, que evoca tot all\u00f2 que imagines quan penses en la literatura japonesa i, sobretot, un missatge clar i potent: <strong>necessitem m\u00e9s empatia, per favor!! <\/strong>Una hist\u00f2ria universal i inoblidable d&#8217;amistat entre dos generacions on la cuina i les receptes reconcilien tradicionalitat i modernitat.<\/p>\n<p><b>Les persones interessades podeu reservar pla\u00e7a i llibre aqu\u00ed mateix, al whatsapp 654825816 o a la llibreria.<\/b><\/p>\n<p>[\/et_pb_text][et_pb_button button_url=&#8221;@ET-DC@eyJkeW5hbWljIjp0cnVlLCJjb250ZW50IjoicG9zdF9saW5rX3VybF9wYWdlIiwic2V0dGluZ3MiOnsicG9zdF9pZCI6IjQyIn19@&#8221; button_text=&#8221;reserva pla\u00e7a i llibre&#8221; disabled_on=&#8221;off|off|off&#8221; _builder_version=&#8221;4.27.4&#8243; _dynamic_attributes=&#8221;button_url&#8221; _module_preset=&#8221;1efee982-4cb8-4e2d-a79f-bb90dc7cd646&#8243; locked=&#8221;off&#8221; global_colors_info=&#8221;{}&#8221;][\/et_pb_button][\/et_pb_column][\/et_pb_row][et_pb_row column_structure=&#8221;1_3,2_3&#8243; custom_padding_last_edited=&#8221;on|phone&#8221; disabled_on=&#8221;on|on|on&#8221; _builder_version=&#8221;4.25.1&#8243; _module_preset=&#8221;default&#8221; custom_margin=&#8221;||40px||false|false&#8221; custom_margin_tablet=&#8221;||30px||false|false&#8221; custom_margin_phone=&#8221;||20px||false|false&#8221; custom_margin_last_edited=&#8221;on|phone&#8221; custom_padding=&#8221;30px|30px|30px|30px|true|true&#8221; custom_padding_tablet=&#8221;30px|30px|30px|30px|true|true&#8221; custom_padding_phone=&#8221;20px|20px|20px|20px|true|true&#8221; border_width_all=&#8221;2px&#8221; border_color_all=&#8221;rgba(0,0,0,0.12)&#8221; disabled=&#8221;on&#8221; global_colors_info=&#8221;{}&#8221;][et_pb_column type=&#8221;1_3&#8243; _builder_version=&#8221;4.25.1&#8243; _module_preset=&#8221;default&#8221; global_colors_info=&#8221;{}&#8221;][et_pb_heading title=&#8221;Dissabte, 11 d&#8217;abril&#8221; _builder_version=&#8221;4.27.4&#8243; _module_preset=&#8221;a8cb98eb-f60f-4c4f-9d87-69f7b33f3b79&#8243; title_level=&#8221;h4&#8243; title_text_color=&#8221;#212121&#8243; custom_margin=&#8221;||0px||false|false&#8221; locked=&#8221;off&#8221; global_colors_info=&#8221;{}&#8221;][\/et_pb_heading][et_pb_text _builder_version=&#8221;4.27.4&#8243; _module_preset=&#8221;f3380e69-72d5-448b-9b5c-7ba3274c4c17&#8243; locked=&#8221;off&#8221; global_colors_info=&#8221;{}&#8221;]<\/p>\n<p>Vermut literari<\/p>\n<p>A les 12.00 hores<\/p>\n<p>C. Sant Sebasti\u00e0, 37<\/p>\n<p>La R\u00e0pita<\/p>\n<p>[\/et_pb_text][\/et_pb_column][et_pb_column type=&#8221;2_3&#8243; _builder_version=&#8221;4.25.1&#8243; _module_preset=&#8221;default&#8221; global_colors_info=&#8221;{}&#8221;][et_pb_heading title=&#8221;SANT JORDI 2026. Vermut literari %22L&#8217;arquitectura dels nostres dies%22 de Maria Mingorance.&#8221; _builder_version=&#8221;4.27.4&#8243; _module_preset=&#8221;a8cb98eb-f60f-4c4f-9d87-69f7b33f3b79&#8243; title_level=&#8221;h4&#8243; custom_margin=&#8221;||0px||false|false&#8221; locked=&#8221;off&#8221;][\/et_pb_heading][et_pb_text _builder_version=&#8221;4.27.4&#8243; _module_preset=&#8221;f3380e69-72d5-448b-9b5c-7ba3274c4c17&#8243; global_colors_info=&#8221;{}&#8221;]<\/p>\n<p class=\"western\">Celebrem el mes dels llibres a Lle.3, i en el primer dels Vermuts literaris descobrim el poemari de la senienca Maria Mingorance, <em>L&#8217;arquitectura dels nostres dies<\/em>.<\/p>\n<p class=\"western\">La hist\u00f2ria ficcionada d&#8217;un matrimoni com\u00fa, en qu\u00e8 dialoga sobre el possible per\u00f2 inaprehensible sentit de la vida, que s&#8217;expressa a trav\u00e9s de la poesia i tamb\u00e9 per mitj\u00e0 de di\u00e0legs.<\/p>\n<p class=\"western\"><span>El poemari de Maria Mingorance el presenten en conversa Marta Reverter, Carme Cruelles i l&#8217;autora.<\/span><\/p>\n<p class=\"western\"><strong>Sant Jordi, poesia i vermut de casa nostra&#8230;no hi pots faltar.<\/strong><\/p>\n<p>[\/et_pb_text][et_pb_button button_text=&#8221;Get Ticket&#8221; disabled_on=&#8221;on|on|on&#8221; _builder_version=&#8221;4.27.4&#8243; _module_preset=&#8221;1efee982-4cb8-4e2d-a79f-bb90dc7cd646&#8243; disabled=&#8221;on&#8221; locked=&#8221;off&#8221; global_colors_info=&#8221;{}&#8221;][\/et_pb_button][\/et_pb_column][\/et_pb_row][et_pb_row column_structure=&#8221;1_3,2_3&#8243; custom_padding_last_edited=&#8221;on|phone&#8221; disabled_on=&#8221;on|on|on&#8221; _builder_version=&#8221;4.25.1&#8243; _module_preset=&#8221;default&#8221; custom_margin=&#8221;||40px||false|false&#8221; custom_margin_tablet=&#8221;||30px||false|false&#8221; custom_margin_phone=&#8221;||20px||false|false&#8221; custom_margin_last_edited=&#8221;on|phone&#8221; custom_padding=&#8221;30px|30px|30px|30px|true|true&#8221; custom_padding_tablet=&#8221;30px|30px|30px|30px|true|true&#8221; custom_padding_phone=&#8221;20px|20px|20px|20px|true|true&#8221; border_width_all=&#8221;2px&#8221; border_color_all=&#8221;rgba(0,0,0,0.12)&#8221; disabled=&#8221;on&#8221; global_colors_info=&#8221;{}&#8221;][et_pb_column type=&#8221;1_3&#8243; _builder_version=&#8221;4.25.1&#8243; _module_preset=&#8221;default&#8221; global_colors_info=&#8221;{}&#8221;][et_pb_heading title=&#8221;Dissabte, 18 d&#8217;abril&#8221; _builder_version=&#8221;4.27.4&#8243; _module_preset=&#8221;a8cb98eb-f60f-4c4f-9d87-69f7b33f3b79&#8243; title_level=&#8221;h4&#8243; title_text_color=&#8221;#212121&#8243; custom_margin=&#8221;||0px||false|false&#8221; locked=&#8221;off&#8221; global_colors_info=&#8221;{}&#8221;][\/et_pb_heading][et_pb_text _builder_version=&#8221;4.27.4&#8243; _module_preset=&#8221;f3380e69-72d5-448b-9b5c-7ba3274c4c17&#8243; locked=&#8221;off&#8221; global_colors_info=&#8221;{}&#8221;]<\/p>\n<p>Vermut literari<\/p>\n<p>A les 12:00 hores<\/p>\n<p>C\/Sant Sebasti\u00e0, 37<\/p>\n<p>La R\u00e0pita<\/p>\n<p>[\/et_pb_text][\/et_pb_column][et_pb_column type=&#8221;2_3&#8243; _builder_version=&#8221;4.25.1&#8243; _module_preset=&#8221;default&#8221; global_colors_info=&#8221;{}&#8221;][et_pb_heading title=&#8221;SANT JORDI 2026. Vermut literari amb %22Funambulistes d&#8217;emocions%22 de Jes\u00fas Serrano.&#8221; _builder_version=&#8221;4.27.4&#8243; _module_preset=&#8221;a8cb98eb-f60f-4c4f-9d87-69f7b33f3b79&#8243; title_level=&#8221;h4&#8243; custom_margin=&#8221;||0px||false|false&#8221; locked=&#8221;off&#8221;][\/et_pb_heading][et_pb_text _builder_version=&#8221;4.27.4&#8243; _module_preset=&#8221;f3380e69-72d5-448b-9b5c-7ba3274c4c17&#8243; global_colors_info=&#8221;{}&#8221;]<\/p>\n<p>Una nova proposta liter\u00e0ria de la programaci\u00f3 de Sant Jordi a Lle.3 amb la presentaci\u00f3 de l&#8217;obra guanyadora del IX Premi de Narrativa Breu Ciutat d&#8217;Amposta, <em>Funambulistes d&#8217;emocions<\/em> de l&#8217;escriptor ampost\u00ed Jes\u00fas Serrano.<\/p>\n<p>Una hist\u00f2ria menuda, feta de gestos quotidians, que s&#8217;entret\u00e9 a parlar-nos de cr\u00e9ixer, d&#8217;estimar i tamb\u00e9 de resistir. Una hist\u00f2ria menuda que, com les millors hist\u00f2ries, acaba esdevenint universal, i que descobrim de la m\u00e0 de Marc Bolet i de l&#8217;autor.<\/p>\n<p><strong><span class=\"relative -mx-px my-[-0.2rem] rounded px-px py-[0.2rem] transition-colors duration-100 ease-in-out\">Relats breus regats amb vermut rapitenc per celebrar Sant Jordi, no hi pots faltar!<\/span><\/strong><\/p>\n<p>[\/et_pb_text][et_pb_button button_text=&#8221;Get Ticket&#8221; disabled_on=&#8221;on|on|on&#8221; _builder_version=&#8221;4.27.4&#8243; _module_preset=&#8221;1efee982-4cb8-4e2d-a79f-bb90dc7cd646&#8243; disabled=&#8221;on&#8221; locked=&#8221;off&#8221; global_colors_info=&#8221;{}&#8221;][\/et_pb_button][\/et_pb_column][\/et_pb_row][et_pb_row column_structure=&#8221;1_3,2_3&#8243; custom_padding_last_edited=&#8221;on|phone&#8221; disabled_on=&#8221;off|off|off&#8221; _builder_version=&#8221;4.25.1&#8243; _module_preset=&#8221;default&#8221; custom_margin=&#8221;||40px||false|false&#8221; custom_margin_tablet=&#8221;||30px||false|false&#8221; custom_margin_phone=&#8221;||20px||false|false&#8221; custom_margin_last_edited=&#8221;on|phone&#8221; custom_padding=&#8221;25px|30px|25px|30px|true|true&#8221; custom_padding_tablet=&#8221;30px|30px|30px|30px|true|true&#8221; custom_padding_phone=&#8221;20px|20px|20px|20px|true|true&#8221; border_width_all=&#8221;2px&#8221; border_color_all=&#8221;rgba(0,0,0,0.12)&#8221; global_colors_info=&#8221;{}&#8221;][et_pb_column type=&#8221;1_3&#8243; _builder_version=&#8221;4.25.1&#8243; _module_preset=&#8221;default&#8221; global_colors_info=&#8221;{}&#8221;][et_pb_heading title=&#8221;Dimarts, 21 d&#8217;abril&#8221; _builder_version=&#8221;4.27.4&#8243; _module_preset=&#8221;a8cb98eb-f60f-4c4f-9d87-69f7b33f3b79&#8243; title_level=&#8221;h4&#8243; title_text_color=&#8221;#212121&#8243; custom_margin=&#8221;||0px||false|false&#8221; locked=&#8221;off&#8221; global_colors_info=&#8221;{}&#8221;][\/et_pb_heading][et_pb_text _builder_version=&#8221;4.27.4&#8243; _module_preset=&#8221;f3380e69-72d5-448b-9b5c-7ba3274c4c17&#8243; global_colors_info=&#8221;{}&#8221;]<\/p>\n<p>Acte literari<\/p>\n<p>A les 19.00 hores<\/p>\n<p>C. Sant Sebasti\u00e0, 37<\/p>\n<p>La R\u00e0pita<\/p>\n<p>[\/et_pb_text][\/et_pb_column][et_pb_column type=&#8221;2_3&#8243; _builder_version=&#8221;4.25.1&#8243; _module_preset=&#8221;default&#8221; global_colors_info=&#8221;{}&#8221;][et_pb_heading title=&#8221;SANT JORDI 2026.  <Paraules que es brinden> amb Flavia Company.&#8221; _builder_version=&#8221;4.27.4&#8243; _module_preset=&#8221;a8cb98eb-f60f-4c4f-9d87-69f7b33f3b79&#8243; title_level=&#8221;h4&#8243; custom_margin=&#8221;||0px||false|false&#8221; locked=&#8221;off&#8221;][\/et_pb_heading][et_pb_text _builder_version=&#8221;4.27.4&#8243; _module_preset=&#8221;f3380e69-72d5-448b-9b5c-7ba3274c4c17&#8243; global_colors_info=&#8221;{}&#8221;]<\/p>\n<p>A les portes de la Diada de Sant Jordi us convidem a una nova proposta liter\u00e0ria, Paraules que es brinden.<\/p>\n<p>Conversa i signatura de llibres amb l&#8217;escriptora Flavia Company. Vine a xerrar dels seus llibres, compartir experi\u00e8ncies i endur-te el teu exemplar dedicat -amb la compra d&#8217;un exemplar, et convidem a una copa de vi-.<\/p>\n<p><strong>Conversa, llibres i degustaci\u00f3&#8230;imperdible! Celebra abans Sant Jordi i fes la teva reserva aqu\u00ed mateix.<\/strong><\/p>\n<p>[\/et_pb_text][et_pb_button button_url=&#8221;@ET-DC@eyJkeW5hbWljIjp0cnVlLCJjb250ZW50IjoicG9zdF9saW5rX3VybF9wYWdlIiwic2V0dGluZ3MiOnsicG9zdF9pZCI6IjQyIn19@&#8221; button_text=&#8221;reserves&#8221; disabled_on=&#8221;off|off|off&#8221; _builder_version=&#8221;4.27.4&#8243; _dynamic_attributes=&#8221;button_url&#8221; _module_preset=&#8221;1efee982-4cb8-4e2d-a79f-bb90dc7cd646&#8243; locked=&#8221;off&#8221; global_colors_info=&#8221;{}&#8221;][\/et_pb_button][\/et_pb_column][\/et_pb_row][et_pb_row column_structure=&#8221;1_3,2_3&#8243; custom_padding_last_edited=&#8221;on|phone&#8221; disabled_on=&#8221;off|off|off&#8221; _builder_version=&#8221;4.25.1&#8243; _module_preset=&#8221;default&#8221; custom_margin=&#8221;||40px||false|false&#8221; custom_margin_tablet=&#8221;||30px||false|false&#8221; custom_margin_phone=&#8221;||20px||false|false&#8221; custom_margin_last_edited=&#8221;on|phone&#8221; custom_padding=&#8221;25px|30px|25px|30px|true|true&#8221; custom_padding_tablet=&#8221;30px|30px|30px|30px|true|true&#8221; custom_padding_phone=&#8221;20px|20px|20px|20px|true|true&#8221; border_width_all=&#8221;2px&#8221; border_color_all=&#8221;rgba(0,0,0,0.12)&#8221; global_colors_info=&#8221;{}&#8221;][et_pb_column type=&#8221;1_3&#8243; _builder_version=&#8221;4.25.1&#8243; _module_preset=&#8221;default&#8221; global_colors_info=&#8221;{}&#8221;][et_pb_heading title=&#8221;Dijous, 23 d&#8217;abril&#8221; _builder_version=&#8221;4.27.4&#8243; _module_preset=&#8221;a8cb98eb-f60f-4c4f-9d87-69f7b33f3b79&#8243; title_level=&#8221;h4&#8243; title_text_color=&#8221;#212121&#8243; custom_margin=&#8221;||0px||false|false&#8221; locked=&#8221;off&#8221; global_colors_info=&#8221;{}&#8221;][\/et_pb_heading][et_pb_text _builder_version=&#8221;4.27.4&#8243; _module_preset=&#8221;f3380e69-72d5-448b-9b5c-7ba3274c4c17&#8243; global_colors_info=&#8221;{}&#8221;]<\/p>\n<p><strong>Programaci\u00f3 i horari especial<\/strong><\/p>\n<p><strong>De 09.00 a 21.00 hores<\/strong><\/p>\n<p><strong>C. Sant Sebasti\u00e0, 37<\/strong><\/p>\n<p>La R\u00e0pita<\/p>\n<p>[\/et_pb_text][\/et_pb_column][et_pb_column type=&#8221;2_3&#8243; _builder_version=&#8221;4.25.1&#8243; _module_preset=&#8221;default&#8221; global_colors_info=&#8221;{}&#8221;][et_pb_heading title=&#8221;DIADA DE SANT JORDI 2026. PROGRAMACI\u00d3 D&#8217;ACTIVITATS&#8221; _builder_version=&#8221;4.27.4&#8243; _module_preset=&#8221;a8cb98eb-f60f-4c4f-9d87-69f7b33f3b79&#8243; title_level=&#8221;h4&#8243; custom_margin=&#8221;||0px||false|false&#8221; locked=&#8221;off&#8221;][\/et_pb_heading][et_pb_text _builder_version=&#8221;4.27.4&#8243; _module_preset=&#8221;f3380e69-72d5-448b-9b5c-7ba3274c4c17&#8243; hover_enabled=&#8221;0&#8243; global_colors_info=&#8221;{}&#8221; sticky_enabled=&#8221;0&#8243;]<\/p>\n<p><strong>A les 09.00h. Esmorzar literari amb l&#8217;escriptora Carme Cruelles.<\/strong> Vine a compartir l&#8217;esmorzar de <em>caf\u00e8 i coc de casa<\/em> i endur-te el teu exemplar dedicat per regalar (te).<\/p>\n<p><strong>A les 10.00h. Signatura de llibres amb l&#8217;escriptor Albert Gavald\u00e0. <\/strong>Vine i endur-te el teu exemplar dedicat per regalar (te).<\/p>\n<p><strong>A les 11.00h. Signatura de llibres amb l&#8217;escriptor Josep Pitarch.\u00a0<\/strong>Vine i endur-te el teu exemplar dedicat per regalar (te)<\/p>\n<p><strong>A les 17.00h. Signatura de llibres amb l&#8217;escriptor Ramon Obiol<\/strong>. Vine i endur-te el teu exemplar dedicat per regalar (te).<\/p>\n<p><strong>A les 17.30h. Contacontes d&#8217;<em>Un nou millor amic<\/em>\u00a0<\/strong>amb l&#8217;escriptora N\u00faria Bosch. Una emocionant hist\u00f2ria real sobre l&#8217;amistat, la for\u00e7a i l&#8217;amor pels animals, que far\u00e0 les del\u00edcies de petits i grans.<\/p>\n<p><strong>Berenar de pa en xocolate,<\/strong> durant la tarda (fins exhaurir exist\u00e8ncies).<\/p>\n<p><strong>A les 18.00h. Signatura del primer llibrer del rapitenc Daniel Calduch,\u00a0<\/strong><em>La maledicci\u00f3 dels Bonet. <\/em>Vine i endur-te el teu exemplar dedicat per regalar (te).<\/p>\n<p><strong>A les 18.30h. Signatura de llibres amb l&#8217;escriptor Miquel Revert\u00e9. <\/strong>Vine i endur-te el teu exemplar dedicat per relagar (te).<\/p>\n<p><strong>Deixa&#8217;t captivar per la m\u00e0gia de Sant Jordi i vine a celebrar a Lle.3. T&#8217;esperem!<\/strong><\/p>\n<p>[\/et_pb_text][et_pb_button button_url=&#8221;https:\/\/lle3espaicultural.com\/contacte\/#&#8221; button_text=&#8221;reserve pr\u00e8vies&#8221; disabled_on=&#8221;off|off|off&#8221; _builder_version=&#8221;4.27.4&#8243; _module_preset=&#8221;1efee982-4cb8-4e2d-a79f-bb90dc7cd646&#8243; locked=&#8221;off&#8221; global_colors_info=&#8221;{}&#8221;][\/et_pb_button][\/et_pb_column][\/et_pb_row][et_pb_row column_structure=&#8221;1_3,2_3&#8243; custom_padding_last_edited=&#8221;on|phone&#8221; disabled_on=&#8221;off|off|off&#8221; _builder_version=&#8221;4.25.1&#8243; _module_preset=&#8221;default&#8221; custom_margin=&#8221;||40px||false|false&#8221; custom_margin_tablet=&#8221;||30px||false|false&#8221; custom_margin_phone=&#8221;||20px||false|false&#8221; custom_margin_last_edited=&#8221;on|phone&#8221; custom_padding=&#8221;25px|30px|25px|30px|true|true&#8221; custom_padding_tablet=&#8221;30px|30px|30px|30px|true|true&#8221; custom_padding_phone=&#8221;20px|20px|20px|20px|true|true&#8221; border_width_all=&#8221;2px&#8221; border_color_all=&#8221;rgba(0,0,0,0.12)&#8221; global_colors_info=&#8221;{}&#8221;][et_pb_column type=&#8221;1_3&#8243; _builder_version=&#8221;4.25.1&#8243; _module_preset=&#8221;default&#8221; global_colors_info=&#8221;{}&#8221;][et_pb_heading title=&#8221;Dissabte, 25 d&#8217;abril&#8221; _builder_version=&#8221;4.27.4&#8243; _module_preset=&#8221;a8cb98eb-f60f-4c4f-9d87-69f7b33f3b79&#8243; title_level=&#8221;h4&#8243; title_text_color=&#8221;#212121&#8243; custom_margin=&#8221;||0px||false|false&#8221; locked=&#8221;off&#8221; global_colors_info=&#8221;{}&#8221;][\/et_pb_heading][et_pb_text _builder_version=&#8221;4.27.4&#8243; _module_preset=&#8221;f3380e69-72d5-448b-9b5c-7ba3274c4c17&#8243; global_colors_info=&#8221;{}&#8221;]<\/p>\n<p>Vermut literari<\/p>\n<p>A les 12.00 hores<\/p>\n<p>Carrer Sant Sebasti\u00e0, 37<\/p>\n<p>La R\u00e0pita<\/p>\n<p>[\/et_pb_text][\/et_pb_column][et_pb_column type=&#8221;2_3&#8243; _builder_version=&#8221;4.25.1&#8243; _module_preset=&#8221;default&#8221; global_colors_info=&#8221;{}&#8221;][et_pb_heading title=&#8221;SANT JORDI 2026. Vermut literari amb l&#8217;escriptora i traductora Corina Oproae.&#8221; _builder_version=&#8221;4.27.4&#8243; _module_preset=&#8221;a8cb98eb-f60f-4c4f-9d87-69f7b33f3b79&#8243; title_level=&#8221;h4&#8243; custom_margin=&#8221;||0px||false|false&#8221; locked=&#8221;off&#8221;][\/et_pb_heading][et_pb_text _builder_version=&#8221;4.27.4&#8243; _module_preset=&#8221;f3380e69-72d5-448b-9b5c-7ba3274c4c17&#8243; global_colors_info=&#8221;{}&#8221;]<\/p>\n<p>La cloenda de la programaci\u00f3 de Sant Jordi 2026 ser\u00e0 amb un Vermut literari especial per descobrir el m\u00f3n de l&#8217;escriptura i la traducci\u00f3.<\/p>\n<p>Amb els membres del Club de Poesia de la R\u00e0pita i l&#8217;escriptora i traductora romanesa Corina Oproae compartirem la seva experi\u00e8ncia en el m\u00f3n de les lletres, tant des de la seva vessant com a escriptora de llibres com <em>La casa lim\u00f3n<\/em>, XX Premi Tusquets Editors de novel\u00b7la 2024, a la de traductora del poemari <em>La meva p\u00e0tria A4<\/em> d&#8217;Anna Blandiana o la novel\u00b7la <em>L&#8217;estiu que la mare va tenir els ulls verds<\/em> de Tatiana T\u00eebuleac.<\/p>\n<p>Corina Oproae \u00e9s llicenciada en filologia anglesa i en filologia hisp\u00e0nica a la Universitat Babe\u015f-Bolyai de Cluj-Napoca.<\/p>\n<p><strong>Vine a degustar el m\u00f3n literari i el vermut rapitenc.<\/strong><\/p>\n<p>[\/et_pb_text][et_pb_button button_url=&#8221;@ET-DC@eyJkeW5hbWljIjp0cnVlLCJjb250ZW50IjoicG9zdF9saW5rX3VybF9wYWdlIiwic2V0dGluZ3MiOnsicG9zdF9pZCI6IjQyIn19@&#8221; button_text=&#8221;reserva pla\u00e7a i llibre&#8221; disabled_on=&#8221;on|on|on&#8221; _builder_version=&#8221;4.27.4&#8243; _dynamic_attributes=&#8221;button_url&#8221; _module_preset=&#8221;1efee982-4cb8-4e2d-a79f-bb90dc7cd646&#8243; disabled=&#8221;on&#8221; locked=&#8221;off&#8221; global_colors_info=&#8221;{}&#8221;][\/et_pb_button][\/et_pb_column][\/et_pb_row][et_pb_row column_structure=&#8221;1_3,2_3&#8243; custom_padding_last_edited=&#8221;on|phone&#8221; disabled_on=&#8221;on|on|on&#8221; _builder_version=&#8221;4.25.1&#8243; _module_preset=&#8221;default&#8221; custom_margin=&#8221;||40px||false|false&#8221; custom_margin_tablet=&#8221;||30px||false|false&#8221; custom_margin_phone=&#8221;||20px||false|false&#8221; custom_margin_last_edited=&#8221;on|phone&#8221; custom_padding=&#8221;25px|30px|25px|30px|true|true&#8221; custom_padding_tablet=&#8221;30px|30px|30px|30px|true|true&#8221; custom_padding_phone=&#8221;20px|20px|20px|20px|true|true&#8221; border_width_all=&#8221;2px&#8221; border_color_all=&#8221;rgba(0,0,0,0.12)&#8221; disabled=&#8221;on&#8221; global_colors_info=&#8221;{}&#8221;][et_pb_column type=&#8221;1_3&#8243; _builder_version=&#8221;4.25.1&#8243; _module_preset=&#8221;default&#8221; global_colors_info=&#8221;{}&#8221;][et_pb_heading title=&#8221;Dissabte, 20 de desembre&#8221; _builder_version=&#8221;4.27.4&#8243; _module_preset=&#8221;a8cb98eb-f60f-4c4f-9d87-69f7b33f3b79&#8243; title_level=&#8221;h4&#8243; title_text_color=&#8221;#212121&#8243; custom_margin=&#8221;||0px||false|false&#8221; locked=&#8221;off&#8221; global_colors_info=&#8221;{}&#8221;][\/et_pb_heading][et_pb_text _builder_version=&#8221;4.27.4&#8243; _module_preset=&#8221;f3380e69-72d5-448b-9b5c-7ba3274c4c17&#8243; global_colors_info=&#8221;{}&#8221;]<\/p>\n<p>Vermut literari<\/p>\n<p>A les 12.00 hores<\/p>\n<p>C. Sant Sebasti\u00e0, 37<\/p>\n<p>[\/et_pb_text][\/et_pb_column][et_pb_column type=&#8221;2_3&#8243; _builder_version=&#8221;4.25.1&#8243; _module_preset=&#8221;default&#8221; global_colors_info=&#8221;{}&#8221;][et_pb_heading title=&#8221;Contacontes %22El Cranc juganer. Tamb\u00e9 \u00e9s Nadal sota el mar!%22&#8243; _builder_version=&#8221;4.27.4&#8243; _module_preset=&#8221;a8cb98eb-f60f-4c4f-9d87-69f7b33f3b79&#8243; title_level=&#8221;h4&#8243; custom_margin=&#8221;||0px||false|false&#8221; locked=&#8221;off&#8221;][\/et_pb_heading][et_pb_text _builder_version=&#8221;4.27.4&#8243; _module_preset=&#8221;f3380e69-72d5-448b-9b5c-7ba3274c4c17&#8243; global_colors_info=&#8221;{}&#8221;]<\/p>\n<p>Vine i descobreix l&#8217;activitat secreta que el Cranc juganer fa per celebrar el Nadal&#8230;com creus que el celebra?<\/p>\n<p>El Nadal est\u00e0 arribant&#8230;tamb\u00e9 sota el mar! Aix\u00ed que aprofitem per preparar-nos i gaudir-lo al m\u00e0xim.<\/p>\n<p>Un conte que ens contar\u00e0 el seu autor Xavi Forcadell i que compta amb les il\u00b7lustracions de N\u00faria Majoral.<\/p>\n<p><strong>Entrada lliure.<\/strong><\/p>\n<p>[\/et_pb_text][et_pb_button button_url=&#8221;https:\/\/lle3espaicultural.com\/contacte\/#&#8221; button_text=&#8221;reserva pla\u00e7a i llibre&#8221; disabled_on=&#8221;on|on|on&#8221; _builder_version=&#8221;4.27.4&#8243; _module_preset=&#8221;1efee982-4cb8-4e2d-a79f-bb90dc7cd646&#8243; disabled=&#8221;on&#8221; locked=&#8221;off&#8221; global_colors_info=&#8221;{}&#8221;][\/et_pb_button][\/et_pb_column][\/et_pb_row][et_pb_row _builder_version=&#8221;4.25.1&#8243; _module_preset=&#8221;default&#8221; custom_padding=&#8221;||90px|||&#8221; global_colors_info=&#8221;{}&#8221;][et_pb_column type=&#8221;4_4&#8243; _builder_version=&#8221;4.25.1&#8243; _module_preset=&#8221;default&#8221; custom_padding=&#8221;100px||||false|false&#8221; custom_padding_tablet=&#8221;0px||||false|false&#8221; custom_padding_phone=&#8221;||||false|false&#8221; custom_padding_last_edited=&#8221;on|phone&#8221; global_colors_info=&#8221;{}&#8221;][et_pb_heading title=&#8221;La teva llibreria, on pots gaudir dels llibres, de la lectura, de la m\u00fasica, de la cultura a casa nostra.&#8221; _builder_version=&#8221;4.27.4&#8243; _module_preset=&#8221;e01ad7d1-db1b-4db3-a374-59c2db1132ae&#8221; title_level=&#8221;h2&#8243; title_font=&#8221;&#8211;et_global_heading_font||||||||&#8221; title_text_color=&#8221;#212121&#8243; title_font_size=&#8221;61px&#8221; background_color=&#8221;rgba(255,255,255,0.85)&#8221; custom_margin=&#8221;||10px||false|false&#8221; custom_padding=&#8221;7px|22px|7px|22px|true|true&#8221; title_font_size_tablet=&#8221;61px&#8221; title_font_size_phone=&#8221;37px&#8221; title_font_size_last_edited=&#8221;on|phone&#8221;][\/et_pb_heading][\/et_pb_column][\/et_pb_row][\/et_pb_section][et_pb_section fb_built=&#8221;1&#8243; admin_label=&#8221;Testimonials&#8221; _builder_version=&#8221;4.27.4&#8243; _module_preset=&#8221;default&#8221; background_color=&#8221;#212121&#8243; locked=&#8221;off&#8221; collapsed=&#8221;on&#8221; global_colors_info=&#8221;{}&#8221;][et_pb_row column_structure=&#8221;1_2,1_2&#8243; make_equal=&#8221;on&#8221; _builder_version=&#8221;4.25.1&#8243; _module_preset=&#8221;default&#8221; global_colors_info=&#8221;{}&#8221;][et_pb_column type=&#8221;1_2&#8243; _builder_version=&#8221;4.25.1&#8243; _module_preset=&#8221;default&#8221; custom_padding=&#8221;40px|40px|40px|40px|true|true&#8221; custom_padding_tablet=&#8221;30px|30px|30px|30px|true|true&#8221; custom_padding_phone=&#8221;20px|20px|20px|20px|true|true&#8221; custom_padding_last_edited=&#8221;on|phone&#8221; border_width_all=&#8221;2px&#8221; border_color_all=&#8221;#FFFFFF&#8221; global_colors_info=&#8221;{}&#8221;][et_pb_heading title=&#8221;\u201c\u00c9s un punt de trobada al mateix nivell entre creadors i lectors. Un espai necessari per posar en valor la cultura ebrenca%22&#8243; _builder_version=&#8221;4.27.4&#8243; _module_preset=&#8221;e52be419-3bad-4cce-8593-d64af27cba9e&#8221; title_level=&#8221;h3&#8243; title_font=&#8221;||||||||&#8221; title_text_align=&#8221;center&#8221; title_text_color=&#8221;#FFFFFF&#8221; locked=&#8221;off&#8221;][\/et_pb_heading][et_pb_heading title=&#8221;Roig, m\u00fasic&#8221; _builder_version=&#8221;4.27.4&#8243; _module_preset=&#8221;a8cb98eb-f60f-4c4f-9d87-69f7b33f3b79&#8243; title_level=&#8221;h4&#8243; title_text_align=&#8221;center&#8221; title_text_color=&#8221;#FFFFFF&#8221; custom_margin=&#8221;||0px||false|false&#8221; locked=&#8221;off&#8221;][\/et_pb_heading][\/et_pb_column][et_pb_column type=&#8221;1_2&#8243; _builder_version=&#8221;4.25.1&#8243; _module_preset=&#8221;default&#8221; custom_padding=&#8221;40px|40px|40px|40px|true|true&#8221; custom_padding_tablet=&#8221;30px|30px|30px|30px|true|true&#8221; custom_padding_phone=&#8221;20px|20px|20px|20px|true|true&#8221; custom_padding_last_edited=&#8221;on|phone&#8221; border_width_all=&#8221;2px&#8221; border_color_all=&#8221;#FFFFFF&#8221; global_colors_info=&#8221;{}&#8221;][et_pb_heading title=&#8221;%22Que hi hagi per fi al nostre poble una llibreria &#8216;de llibres&#8217; \u00e9s un regal preci\u00f3s i emocionant, una finestra a la cultura, l&#8217;amor i la imaginaci\u00f3. Gratitud i alegria%22&#8243; _builder_version=&#8221;4.27.4&#8243; _module_preset=&#8221;e52be419-3bad-4cce-8593-d64af27cba9e&#8221; title_level=&#8221;h3&#8243; title_font=&#8221;||||||||&#8221; title_text_align=&#8221;center&#8221; title_text_color=&#8221;#FFFFFF&#8221; locked=&#8221;off&#8221;][\/et_pb_heading][et_pb_heading title=&#8221;Flavia Company, escriptora&#8221; _builder_version=&#8221;4.27.4&#8243; _module_preset=&#8221;a8cb98eb-f60f-4c4f-9d87-69f7b33f3b79&#8243; title_level=&#8221;h4&#8243; title_text_align=&#8221;center&#8221; title_text_color=&#8221;#FFFFFF&#8221; custom_margin=&#8221;||0px||false|false&#8221; locked=&#8221;off&#8221;][\/et_pb_heading][\/et_pb_column][\/et_pb_row][\/et_pb_section][et_pb_section fb_built=&#8221;1&#8243; admin_label=&#8221;Footer&#8221; _builder_version=&#8221;4.27.4&#8243; _module_preset=&#8221;default&#8221; background_color=&#8221;gcid-530baf18-6aca-4d61-8496-2c5df0e0a0ca&#8221; custom_margin=&#8221;0px||||false|false&#8221; global_module=&#8221;98&#8243; saved_tabs=&#8221;all&#8221; locked=&#8221;off&#8221; collapsed=&#8221;on&#8221; global_colors_info=&#8221;{%22gcid-530baf18-6aca-4d61-8496-2c5df0e0a0ca%22:%91%22background_color%22%93}&#8221;][et_pb_row column_structure=&#8221;1_3,1_3,1_3&#8243; _builder_version=&#8221;4.27.4&#8243; _module_preset=&#8221;default&#8221; module_alignment=&#8221;center&#8221; custom_margin=&#8221;|auto||382px||&#8221; global_colors_info=&#8221;{}&#8221;][et_pb_column type=&#8221;1_3&#8243; _builder_version=&#8221;4.25.1&#8243; _module_preset=&#8221;default&#8221; global_colors_info=&#8221;{}&#8221;][et_pb_image src=&#8221;http:\/\/lle3espaicultural.com\/wp-content\/uploads\/2025\/02\/logolle3minW.png&#8221; title_text=&#8221;logolle3minW&#8221; _builder_version=&#8221;4.27.4&#8243; _module_preset=&#8221;default&#8221; max_width=&#8221;40%&#8221; max_width_tablet=&#8221;&#8221; max_width_phone=&#8221;&#8221; max_width_last_edited=&#8221;on|desktop&#8221; global_colors_info=&#8221;{}&#8221;][\/et_pb_image][et_pb_text _builder_version=&#8221;4.27.4&#8243; _dynamic_attributes=&#8221;link_option_url&#8221; _module_preset=&#8221;75b5dd0c-f985-4a08-b761-2a99daeb180a&#8221; text_font_size=&#8221;12px&#8221; link_text_color=&#8221;#8800ff&#8221; text_orientation=&#8221;center&#8221; custom_margin=&#8221;||0px|||&#8221; link_option_url=&#8221;@ET-DC@eyJkeW5hbWljIjp0cnVlLCJjb250ZW50IjoicG9zdF9saW5rX3VybF9wYWdlIiwic2V0dGluZ3MiOnsicG9zdF9pZCI6IjEwNiJ9fQ==@&#8221; global_colors_info=&#8221;{%22gcid-secondary-color%22:%91%22link_text_color%22,%22link_text_color%22,%22link_text_color%22,%22link_text_color%22,%22link_text_color%22,%22link_text_color%22%93}&#8221;]<\/p>\n<p style=\"text-align: left;\"><span>Av\u00eds Legal<br \/><\/span><\/p>\n<p>[\/et_pb_text][et_pb_text _builder_version=&#8221;4.27.4&#8243; _dynamic_attributes=&#8221;link_option_url&#8221; _module_preset=&#8221;75b5dd0c-f985-4a08-b761-2a99daeb180a&#8221; text_font_size=&#8221;12px&#8221; link_text_color=&#8221;#8800ff&#8221; text_orientation=&#8221;center&#8221; custom_margin=&#8221;||0px|||&#8221; link_option_url=&#8221;@ET-DC@eyJkeW5hbWljIjp0cnVlLCJjb250ZW50IjoicG9zdF9saW5rX3VybF9wYWdlIiwic2V0dGluZ3MiOnsicG9zdF9pZCI6IjE4MDkifX0=@&#8221; global_colors_info=&#8221;{%22gcid-secondary-color%22:%91%22link_text_color%22,%22link_text_color%22,%22link_text_color%22,%22link_text_color%22,%22link_text_color%22,%22link_text_color%22%93}&#8221;]<\/p>\n<p style=\"text-align: left;\"><span>Accessibilitat<br \/><\/span><\/p>\n<p>[\/et_pb_text][et_pb_text _builder_version=&#8221;4.27.4&#8243; _dynamic_attributes=&#8221;link_option_url&#8221; _module_preset=&#8221;75b5dd0c-f985-4a08-b761-2a99daeb180a&#8221; text_font_size=&#8221;12px&#8221; link_text_color=&#8221;#8800ff&#8221; text_orientation=&#8221;center&#8221; link_option_url=&#8221;@ET-DC@eyJkeW5hbWljIjp0cnVlLCJjb250ZW50IjoicG9zdF9saW5rX3VybF9wYWdlIiwic2V0dGluZ3MiOnsicG9zdF9pZCI6IjExMyJ9fQ==@&#8221; global_colors_info=&#8221;{%22gcid-secondary-color%22:%91%22link_text_color%22,%22link_text_color%22,%22link_text_color%22,%22link_text_color%22,%22link_text_color%22,%22link_text_color%22%93}&#8221;]<\/p>\n<p style=\"text-align: left;\"><span>Pol\u00edtica de privacitat<\/span><span style=\"text-decoration: underline; color: #ffffff;\"><strong><a <\/p>\n<p>[\/et_pb_text][\/et_pb_column][et_pb_column type=&#8221;1_3&#8243; _builder_version=&#8221;4.25.1&#8243; _module_preset=&#8221;default&#8221; global_colors_info=&#8221;{}&#8221;][et_pb_image src=&#8221;http:\/\/lle3espaicultural.com\/wp-content\/uploads\/2025\/02\/Captura-de-pantalla-2025-02-19-a-las-12.46.30.png&#8221; title_text=&#8221;Captura de pantalla 2025-02-19 a las 12.46.30&#8243; _builder_version=&#8221;4.27.4&#8243; _module_preset=&#8221;default&#8221; max_width=&#8221;100px&#8221; max_width_last_edited=&#8221;off|desktop&#8221; module_alignment=&#8221;center&#8221; max_height=&#8221;100px&#8221; custom_margin=&#8221;|110px||||&#8221; filter_saturate=&#8221;0%&#8221; locked=&#8221;off&#8221; global_colors_info=&#8221;{}&#8221;][\/et_pb_image][et_pb_text _builder_version=&#8221;4.25.1&#8243; _module_preset=&#8221;75b5dd0c-f985-4a08-b761-2a99daeb180a&#8221; text_text_color=&#8221;gcid-834db33f-400f-4068-917d-2de62be3172e&#8221; link_text_color=&#8221;#8800ff&#8221; text_orientation=&#8221;center&#8221; global_colors_info=&#8221;{%22gcid-secondary-color%22:%91%22link_text_color%22,%22link_text_color%22,%22link_text_color%22,%22link_text_color%22,%22link_text_color%22%93,%22gcid-834db33f-400f-4068-917d-2de62be3172e%22:%91%22text_text_color%22%93}&#8221;]<\/p>\n<p><strong>Lle.3<\/strong> \u00e9s el resultat del somni i la passi\u00f3 d\u2019\u00c0ngels Caparr\u00f3s. Dona de lletres \u2018pures\u2019 va estudiar Filologia Catalana a la Universitat de Barcelona.<\/p>\n<p>[\/et_pb_text][\/et_pb_column][et_pb_column type=&#8221;1_3&#8243; _builder_version=&#8221;4.25.1&#8243; _module_preset=&#8221;default&#8221; global_colors_info=&#8221;{}&#8221;][et_pb_text _builder_version=&#8221;4.27.4&#8243; _module_preset=&#8221;75b5dd0c-f985-4a08-b761-2a99daeb180a&#8221; text_font_size=&#8221;12px&#8221; link_font=&#8221;|||||||RGBA(255,255,255,0)|&#8221; link_text_color=&#8221;#FFFFFF&#8221; text_orientation=&#8221;center&#8221; global_colors_info=&#8221;{}&#8221;]<\/p>\n<p style=\"text-align: right;\"><span><strong>Sant Sebasti\u00e0, 37<\/strong><br \/>\n43540 La R\u00e0pita<br \/>\nTarragona<br \/>\n<strong>+34 654 82 58 16<\/strong><\/span><\/p>\n<p style=\"text-align: right;\"><span style=\"color: #ffffff;\"><strong><a href=\"mailto:lle3espaicultural@gmail.com\" style=\"color: #ffffff;\">lle3espaicultural@gmail.com<\/a><\/strong><\/span><\/p>\n<p>[\/et_pb_text][et_pb_social_media_follow icon_color=&#8221;#FFFFFF&#8221; _builder_version=&#8221;4.27.4&#8243; _module_preset=&#8221;default&#8221; text_orientation=&#8221;right&#8221; global_colors_info=&#8221;{}&#8221;][et_pb_social_media_follow_network social_network=&#8221;facebook&#8221; _builder_version=&#8221;4.25.1&#8243; _module_preset=&#8221;default&#8221; global_colors_info=&#8221;{}&#8221; follow_button=&#8221;off&#8221; url_new_window=&#8221;on&#8221;]facebook[\/et_pb_social_media_follow_network][et_pb_social_media_follow_network social_network=&#8221;instagram&#8221; _builder_version=&#8221;4.25.1&#8243; _module_preset=&#8221;default&#8221; global_colors_info=&#8221;{}&#8221; follow_button=&#8221;off&#8221; url_new_window=&#8221;on&#8221;]instagram[\/et_pb_social_media_follow_network][et_pb_social_media_follow_network social_network=&#8221;linkedin&#8221; _builder_version=&#8221;4.25.1&#8243; _module_preset=&#8221;default&#8221; global_colors_info=&#8221;{}&#8221; follow_button=&#8221;off&#8221; url_new_window=&#8221;on&#8221;]linkedin[\/et_pb_social_media_follow_network][\/et_pb_social_media_follow][\/et_pb_column][\/et_pb_row][et_pb_row _builder_version=&#8221;4.27.4&#8243; _module_preset=&#8221;default&#8221; global_colors_info=&#8221;{}&#8221;][et_pb_column type=&#8221;4_4&#8243; _builder_version=&#8221;4.27.4&#8243; _module_preset=&#8221;default&#8221; global_colors_info=&#8221;{}&#8221;][et_pb_text _builder_version=&#8221;4.27.4&#8243; _module_preset=&#8221;default&#8221; text_font=&#8221;|||||on|||&#8221; text_text_color=&#8221;#FFFFFF&#8221; global_colors_info=&#8221;{}&#8221;]<\/p>\n<p style=\"text-align: center;\">PROGRAMA KIT DIGITAL FINANCIADO POR LOS FONDOS NEXT GENERATION DEL MECANISMO DE RECUPERACI\u00d3N Y RESILIENCIA<\/p>\n<p>[\/et_pb_text][et_pb_image src=&#8221;http:\/\/lle3espaicultural.com\/wp-content\/uploads\/2025\/06\/CONBANDERA_KITDIGITAL-2-scaled.png&#8221; title_text=&#8221;CONBANDERA_KITDIGITAL-2&#8243; _builder_version=&#8221;4.27.4&#8243; _module_preset=&#8221;default&#8221; background_color=&#8221;#FFFFFF&#8221; custom_padding=&#8221;12px|12px|12px|12px|true|true&#8221; global_colors_info=&#8221;{}&#8221;][\/et_pb_image][\/et_pb_column][\/et_pb_row][\/et_pb_section]<\/p>\n","protected":false},"excerpt":{"rendered":"<p>\ud83d\udd07 Aquest v\u00eddeo no cont\u00e9 \u00e0udio, m\u00fasica ni di\u00e0legsLa llibreria Lle.3 \u00e9s un espai que ha pres forma amb il\u00b7lusi\u00f3 i dedicaci\u00f3 per oferir un rac\u00f3 \u00fanic a tots els amants de la lectura i la cultura. Lle.3 \u00e9s un lloc per perdre\u2019s entre les p\u00e0gines dels llibres, inspirar-se i compartir. Ofereix un ambient acollidor, [&hellip;]<\/p>\n","protected":false},"author":1,"featured_media":0,"parent":0,"menu_order":0,"comment_status":"closed","ping_status":"closed","template":"page-template-blank.php","meta":{"_et_pb_use_builder":"on","_et_pb_old_content":"","_et_gb_content_width":"","footnotes":""},"class_list":["post-10","page","type-page","status-publish","hentry"],"yoast_head":"<!-- This site is optimized with the Yoast SEO plugin v27.2 - https:\/\/yoast.com\/product\/yoast-seo-wordpress\/ -->\n<title>home - Lle.3<\/title>\n<meta name=\"robots\" content=\"index, follow, max-snippet:-1, max-image-preview:large, max-video-preview:-1\" \/>\n<link rel=\"canonical\" href=\"https:\/\/lle3espaicultural.com\/es\/\" \/>\n<meta property=\"og:locale\" content=\"es_ES\" \/>\n<meta property=\"og:type\" content=\"article\" \/>\n<meta property=\"og:title\" content=\"home - Lle.3\" \/>\n<meta property=\"og:description\" content=\"\ud83d\udd07 Aquest v\u00eddeo no cont\u00e9 \u00e0udio, m\u00fasica ni di\u00e0legsLa llibreria Lle.3 \u00e9s un espai que ha pres forma amb il\u00b7lusi\u00f3 i dedicaci\u00f3 per oferir un rac\u00f3 \u00fanic a tots els amants de la lectura i la cultura. Lle.3 \u00e9s un lloc per perdre\u2019s entre les p\u00e0gines dels llibres, inspirar-se i compartir. Ofereix un ambient acollidor, [&hellip;]\" \/>\n<meta property=\"og:url\" content=\"https:\/\/lle3espaicultural.com\/es\/\" \/>\n<meta property=\"og:site_name\" content=\"Lle.3\" \/>\n<meta property=\"article:modified_time\" content=\"2026-04-20T17:49:06+00:00\" \/>\n<meta name=\"twitter:card\" content=\"summary_large_image\" \/>\n<meta name=\"twitter:label1\" content=\"Tiempo de lectura\" \/>\n\t<meta name=\"twitter:data1\" content=\"32 minutos\" \/>\n<script type=\"application\/ld+json\" class=\"yoast-schema-graph\">{\"@context\":\"https:\/\/schema.org\",\"@graph\":[{\"@type\":\"WebPage\",\"@id\":\"https:\/\/lle3espaicultural.com\/\",\"url\":\"https:\/\/lle3espaicultural.com\/\",\"name\":\"home - Lle.3\",\"isPartOf\":{\"@id\":\"https:\/\/lle3espaicultural.com\/#website\"},\"datePublished\":\"2025-01-15T11:26:40+00:00\",\"dateModified\":\"2026-04-20T17:49:06+00:00\",\"breadcrumb\":{\"@id\":\"https:\/\/lle3espaicultural.com\/#breadcrumb\"},\"inLanguage\":\"es\",\"potentialAction\":[{\"@type\":\"ReadAction\",\"target\":[\"https:\/\/lle3espaicultural.com\/\"]}]},{\"@type\":\"BreadcrumbList\",\"@id\":\"https:\/\/lle3espaicultural.com\/#breadcrumb\",\"itemListElement\":[{\"@type\":\"ListItem\",\"position\":1,\"name\":\"Portada\",\"item\":\"https:\/\/lle3espaicultural.com\/\"},{\"@type\":\"ListItem\",\"position\":2,\"name\":\"home\"}]},{\"@type\":\"WebSite\",\"@id\":\"https:\/\/lle3espaicultural.com\/#website\",\"url\":\"https:\/\/lle3espaicultural.com\/\",\"name\":\"Lle.3\",\"description\":\"Espai Cultural\",\"publisher\":{\"@id\":\"https:\/\/lle3espaicultural.com\/#organization\"},\"potentialAction\":[{\"@type\":\"SearchAction\",\"target\":{\"@type\":\"EntryPoint\",\"urlTemplate\":\"https:\/\/lle3espaicultural.com\/?s={search_term_string}\"},\"query-input\":{\"@type\":\"PropertyValueSpecification\",\"valueRequired\":true,\"valueName\":\"search_term_string\"}}],\"inLanguage\":\"es\"},{\"@type\":\"Organization\",\"@id\":\"https:\/\/lle3espaicultural.com\/#organization\",\"name\":\"Lle.3\",\"url\":\"https:\/\/lle3espaicultural.com\/\",\"logo\":{\"@type\":\"ImageObject\",\"inLanguage\":\"es\",\"@id\":\"https:\/\/lle3espaicultural.com\/#\/schema\/logo\/image\/\",\"url\":\"https:\/\/lle3espaicultural.com\/wp-content\/uploads\/2025\/02\/logolle3min.png\",\"contentUrl\":\"https:\/\/lle3espaicultural.com\/wp-content\/uploads\/2025\/02\/logolle3min.png\",\"width\":500,\"height\":250,\"caption\":\"Lle.3\"},\"image\":{\"@id\":\"https:\/\/lle3espaicultural.com\/#\/schema\/logo\/image\/\"}}]}<\/script>\n<!-- \/ Yoast SEO plugin. -->","yoast_head_json":{"title":"home - Lle.3","robots":{"index":"index","follow":"follow","max-snippet":"max-snippet:-1","max-image-preview":"max-image-preview:large","max-video-preview":"max-video-preview:-1"},"canonical":"https:\/\/lle3espaicultural.com\/es\/","og_locale":"es_ES","og_type":"article","og_title":"home - Lle.3","og_description":"\ud83d\udd07 Aquest v\u00eddeo no cont\u00e9 \u00e0udio, m\u00fasica ni di\u00e0legsLa llibreria Lle.3 \u00e9s un espai que ha pres forma amb il\u00b7lusi\u00f3 i dedicaci\u00f3 per oferir un rac\u00f3 \u00fanic a tots els amants de la lectura i la cultura. Lle.3 \u00e9s un lloc per perdre\u2019s entre les p\u00e0gines dels llibres, inspirar-se i compartir. Ofereix un ambient acollidor, [&hellip;]","og_url":"https:\/\/lle3espaicultural.com\/es\/","og_site_name":"Lle.3","article_modified_time":"2026-04-20T17:49:06+00:00","twitter_card":"summary_large_image","twitter_misc":{"Tiempo de lectura":"32 minutos"},"schema":{"@context":"https:\/\/schema.org","@graph":[{"@type":"WebPage","@id":"https:\/\/lle3espaicultural.com\/","url":"https:\/\/lle3espaicultural.com\/","name":"home - Lle.3","isPartOf":{"@id":"https:\/\/lle3espaicultural.com\/#website"},"datePublished":"2025-01-15T11:26:40+00:00","dateModified":"2026-04-20T17:49:06+00:00","breadcrumb":{"@id":"https:\/\/lle3espaicultural.com\/#breadcrumb"},"inLanguage":"es","potentialAction":[{"@type":"ReadAction","target":["https:\/\/lle3espaicultural.com\/"]}]},{"@type":"BreadcrumbList","@id":"https:\/\/lle3espaicultural.com\/#breadcrumb","itemListElement":[{"@type":"ListItem","position":1,"name":"Portada","item":"https:\/\/lle3espaicultural.com\/"},{"@type":"ListItem","position":2,"name":"home"}]},{"@type":"WebSite","@id":"https:\/\/lle3espaicultural.com\/#website","url":"https:\/\/lle3espaicultural.com\/","name":"Lle.3","description":"Espai Cultural","publisher":{"@id":"https:\/\/lle3espaicultural.com\/#organization"},"potentialAction":[{"@type":"SearchAction","target":{"@type":"EntryPoint","urlTemplate":"https:\/\/lle3espaicultural.com\/?s={search_term_string}"},"query-input":{"@type":"PropertyValueSpecification","valueRequired":true,"valueName":"search_term_string"}}],"inLanguage":"es"},{"@type":"Organization","@id":"https:\/\/lle3espaicultural.com\/#organization","name":"Lle.3","url":"https:\/\/lle3espaicultural.com\/","logo":{"@type":"ImageObject","inLanguage":"es","@id":"https:\/\/lle3espaicultural.com\/#\/schema\/logo\/image\/","url":"https:\/\/lle3espaicultural.com\/wp-content\/uploads\/2025\/02\/logolle3min.png","contentUrl":"https:\/\/lle3espaicultural.com\/wp-content\/uploads\/2025\/02\/logolle3min.png","width":500,"height":250,"caption":"Lle.3"},"image":{"@id":"https:\/\/lle3espaicultural.com\/#\/schema\/logo\/image\/"}}]}},"_links":{"self":[{"href":"https:\/\/lle3espaicultural.com\/es\/wp-json\/wp\/v2\/pages\/10","targetHints":{"allow":["GET"]}}],"collection":[{"href":"https:\/\/lle3espaicultural.com\/es\/wp-json\/wp\/v2\/pages"}],"about":[{"href":"https:\/\/lle3espaicultural.com\/es\/wp-json\/wp\/v2\/types\/page"}],"author":[{"embeddable":true,"href":"https:\/\/lle3espaicultural.com\/es\/wp-json\/wp\/v2\/users\/1"}],"replies":[{"embeddable":true,"href":"https:\/\/lle3espaicultural.com\/es\/wp-json\/wp\/v2\/comments?post=10"}],"version-history":[{"count":148,"href":"https:\/\/lle3espaicultural.com\/es\/wp-json\/wp\/v2\/pages\/10\/revisions"}],"predecessor-version":[{"id":2133,"href":"https:\/\/lle3espaicultural.com\/es\/wp-json\/wp\/v2\/pages\/10\/revisions\/2133"}],"wp:attachment":[{"href":"https:\/\/lle3espaicultural.com\/es\/wp-json\/wp\/v2\/media?parent=10"}],"curies":[{"name":"wp","href":"https:\/\/api.w.org\/{rel}","templated":true}]}}