{"id":2034,"date":"2026-03-23T12:19:15","date_gmt":"2026-03-23T12:19:15","guid":{"rendered":"https:\/\/lle3espaicultural.com\/?page_id=2034"},"modified":"2026-03-23T18:24:58","modified_gmt":"2026-03-23T18:24:58","slug":"prometeu-de-mil-maneres-2","status":"publish","type":"page","link":"https:\/\/lle3espaicultural.com\/es\/prometeu-de-mil-maneres-2\/","title":{"rendered":"Prometeu de mil maneres"},"content":{"rendered":"<p>[et_pb_section fb_built=&#8221;1&#8243; fullwidth=&#8221;on&#8221; _builder_version=&#8221;4.27.4&#8243; _module_preset=&#8221;default&#8221; animation_style=&#8221;fade&#8221; sticky_position=&#8221;top&#8221; locked=&#8221;off&#8221; global_colors_info=&#8221;{}&#8221;][et_pb_fullwidth_menu logo=&#8221;http:\/\/lle3espaicultural.com\/wp-content\/uploads\/2025\/02\/logolle3min.png&#8221; logo_height=&#8221;50px&#8221; _builder_version=&#8221;4.27.4&#8243; _module_preset=&#8221;default&#8221; menu_font=&#8221;Archivo||||||||&#8221; menu_font_size=&#8221;16px&#8221; text_orientation=&#8221;right&#8221; global_colors_info=&#8221;{}&#8221;][\/et_pb_fullwidth_menu][\/et_pb_section][et_pb_section fb_built=&#8221;1&#8243; specialty=&#8221;on&#8221; admin_label=&#8221;Header &#038; Ebook Info&#8221; _builder_version=&#8221;4.25.1&#8243; _module_preset=&#8221;default&#8221; background_color=&#8221;gcid-545c17f1-4e53-478d-9e2b-03daafc524a2&#8243; collapsed=&#8221;on&#8221; global_colors_info=&#8221;{%22gcid-545c17f1-4e53-478d-9e2b-03daafc524a2%22:%91%22background_color%22%93}&#8221;][et_pb_column type=&#8221;1_2&#8243; specialty_columns=&#8221;2&#8243; _builder_version=&#8221;4.16&#8243; _module_preset=&#8221;default&#8221; custom_padding=&#8221;|||&#8221; global_colors_info=&#8221;{}&#8221; custom_padding__hover=&#8221;|||&#8221;][et_pb_row_inner _builder_version=&#8221;4.25.1&#8243; _module_preset=&#8221;default&#8221; global_colors_info=&#8221;{}&#8221;][et_pb_column_inner saved_specialty_column_type=&#8221;1_2&#8243; _builder_version=&#8221;4.25.1&#8243; _module_preset=&#8221;default&#8221; global_colors_info=&#8221;{}&#8221;][et_pb_heading title=&#8221;Novel\u00b7la. Premi Sant Jordi 2025-2026&#8243; _builder_version=&#8221;4.27.4&#8243; _module_preset=&#8221;a57efcc1-297c-474c-a7dd-4767f816bd93&#8243; locked=&#8221;off&#8221;][\/et_pb_heading][et_pb_heading title=&#8221;Prometeu de mil maneres&#8221; _builder_version=&#8221;4.27.4&#8243; _module_preset=&#8221;f1d32ee2-50d2-4e1a-9612-8da4e7e420c7&#8243; custom_margin=&#8221;||10px||false|false&#8221; locked=&#8221;off&#8221;][\/et_pb_heading][et_pb_text _builder_version=&#8221;4.27.4&#8243; _module_preset=&#8221;0fc9cdc5-54be-4b03-8d69-1b43174c38cc&#8221; hover_enabled=&#8221;0&#8243; global_colors_info=&#8221;{}&#8221; sticky_enabled=&#8221;0&#8243;]<\/p>\n<p><span>Prometeu Dolors viu a Palma i fa de cambrer en una cafeteria del centre. El sotrac que \u00e9s la seva vida s\u2019ha capgirat despr\u00e9s de con\u00e8ixer, en un lloc nocturn de piques, el jove Carles. D\u2019aquell moment en\u00e7\u00e0, la vida de Prometeu esdev\u00e9 una lluita per a protegir la pr\u00f2pia identitat dels amics, els amants, la feina, la ciutat, els assassins, la mort.<\/span><\/p>\n<p><span>\u00abJo no em prenc seriosament la feina. Aix\u00f2 no \u00e9s la meva feina. Aqu\u00ed s\u00f3c obedient, verin\u00f3s, callat, m\u00e9s atractiu fins i tot que la imatge del mirall. Per\u00f2 no m\u2019interessa que la gent hi estiga b\u00e9, al Caf\u00e8. Me\u2019n fot, tant me fa si em diuen \u201cGr\u00e0cies, molt amable\u201d. S\u00f3c en Prometeu Dolors, jo, ning\u00fa altre.\u00bb<\/span><\/p>\n<p><span><em>Prometeu de mil maneres<\/em> \u00e9s <strong>una novel\u00b7la coral<\/strong> que <strong>amalgama el desig, la desesperaci\u00f3, la mentida, la lluita de classes, la marginalitat i la necessitat d\u2019amor en una ciutat,<\/strong> Palma, <strong>que no se sap regenerar sense destruir-se, com els protagonistes<\/strong> d\u2019aquest llibre. Com un Prometeu encadenat.<\/span><\/p>\n<p><span>L&#8217;obra <strong>destaca per un llenguatge viu<\/strong> <strong>que explica una teranyina de relacions marcades pel poder i el desig.<\/strong> Tot plegat amb una atmosfera que fa presoners els personatges i els lectors, <strong>amb uns protagonistes amb trets foscos i torturats<\/strong> que els aboquen al fatalisme.<\/span><\/p>\n<p>[\/et_pb_text][et_pb_button button_url=&#8221;https:\/\/libelista.com\/libelista\/registro?companyId=174&#8243; button_text=&#8221;Compra ara&#8221; _builder_version=&#8221;4.27.4&#8243; _module_preset=&#8221;98f0ed2d-ad02-4e07-a658-24c8882f5847&#8243; global_colors_info=&#8221;{}&#8221;][\/et_pb_button][\/et_pb_column_inner][\/et_pb_row_inner][et_pb_row_inner custom_padding_last_edited=&#8221;on|phone&#8221; disabled_on=&#8221;on|on|on&#8221; _builder_version=&#8221;4.25.1&#8243; _module_preset=&#8221;default&#8221; custom_padding=&#8221;|30px||30px|false|true&#8221; custom_padding_tablet=&#8221;|30px||30px|false|true&#8221; custom_padding_phone=&#8221;|20px||20px|false|true&#8221; border_width_all=&#8221;2px&#8221; border_color_all=&#8221;rgba(0,0,0,0.12)&#8221; disabled=&#8221;on&#8221; global_colors_info=&#8221;{}&#8221;][et_pb_column_inner saved_specialty_column_type=&#8221;1_2&#8243; _builder_version=&#8221;4.25.1&#8243; _module_preset=&#8221;default&#8221; global_colors_info=&#8221;{}&#8221;][et_pb_heading title=&#8221;Ebook Available&#8221; _builder_version=&#8221;4.25.1&#8243; _module_preset=&#8221;2071fbcf-278d-4586-98a5-221b6e056cbb&#8221; custom_margin=&#8221;||10px||false|false&#8221; locked=&#8221;off&#8221;][\/et_pb_heading][et_pb_text _builder_version=&#8221;4.25.1&#8243; _module_preset=&#8221;0fc9cdc5-54be-4b03-8d69-1b43174c38cc&#8221; global_colors_info=&#8221;{}&#8221;]<\/p>\n<p>Quisque velit nisi, pretium ut lacinia in, elementum id enim. Vestibulum ante ipsum primis in faucibus orci luctus et ultrices posuere cubilia Curae; Donec velit neque<\/p>\n<p>[\/et_pb_text][et_pb_button button_text=&#8221;Download Now&#8221; _builder_version=&#8221;4.25.1&#8243; _module_preset=&#8221;b51c78fe-39b2-4887-90da-87ffcbc74c66&#8243; global_colors_info=&#8221;{}&#8221;][\/et_pb_button][\/et_pb_column_inner][\/et_pb_row_inner][\/et_pb_column][et_pb_column type=&#8221;1_2&#8243; _builder_version=&#8221;4.16&#8243; _module_preset=&#8221;default&#8221; custom_padding=&#8221;|||&#8221; global_colors_info=&#8221;{}&#8221; custom_padding__hover=&#8221;|||&#8221;][et_pb_image src=&#8221;http:\/\/lle3espaicultural.com\/wp-content\/uploads\/2026\/03\/Prometeu-de-mil-maneres.jpg&#8221; title_text=&#8221;Prometeu de mil maneres&#8221; _builder_version=&#8221;4.27.4&#8243; _module_preset=&#8221;default&#8221; box_shadow_style=&#8221;preset3&#8243; box_shadow_horizontal=&#8221;10px&#8221; box_shadow_vertical=&#8221;40px&#8221; box_shadow_blur=&#8221;40px&#8221; box_shadow_spread=&#8221;10px&#8221; box_shadow_color=&#8221;rgba(0,0,0,0.11)&#8221; locked=&#8221;off&#8221; global_colors_info=&#8221;{}&#8221;][\/et_pb_image][\/et_pb_column][\/et_pb_section][et_pb_section fb_built=&#8221;1&#8243; admin_label=&#8221;Ebook Details&#8221; _builder_version=&#8221;4.25.1&#8243; _module_preset=&#8221;default&#8221; background_color=&#8221;gcid-545c17f1-4e53-478d-9e2b-03daafc524a2&#8243; custom_padding=&#8221;12px|||||&#8221; collapsed=&#8221;on&#8221; global_colors_info=&#8221;{%22gcid-545c17f1-4e53-478d-9e2b-03daafc524a2%22:%91%22background_color%22%93}&#8221;][et_pb_row _builder_version=&#8221;4.25.1&#8243; _module_preset=&#8221;default&#8221; global_colors_info=&#8221;{}&#8221;][et_pb_column type=&#8221;4_4&#8243; _builder_version=&#8221;4.25.1&#8243; _module_preset=&#8221;default&#8221; global_colors_info=&#8221;{}&#8221;][et_pb_text _builder_version=&#8221;4.27.4&#8243; _module_preset=&#8221;0fc9cdc5-54be-4b03-8d69-1b43174c38cc&#8221; global_colors_info=&#8221;{}&#8221;]<\/p>\n<p><strong>Carles Rebassa (Palma, 1977)<\/strong> \u00e9s poeta. Ha publicat els llibres de poesia <em>Requiescat in pace<\/em>, amb Pere Perell\u00f3; <em>Poema B, Els joves i les v\u00eddues, Pluja de foc, Sons bruts <\/em>i <em>El Caire Formentera<\/em>. Tamb\u00e9 \u00e9s autor de la novel\u00b7la <em>Eren ells<\/em> i del llibre biogr\u00e0fic <em>Mite i pols de Blai Bonet<\/em>.<\/p>\n<p>Ha guanya els premis Ausi\u00e0s March, Carles Riba i Gabriel Ferrater de poesia, el Premi Ciutat de Barcelona de literatura catalana i el Premi Ricard Torrents d&#8217;assaig. Creu en la introspecci\u00f3 de la lectura i en l&#8217;oralitat de la poesia, i fa recitals arreu d&#8217;en\u00e7\u00e0 que era ben jove.\u00a0<\/p>\n<p>Viu a Barcelona i escriu. <em>Prometeu de mil maneres<\/em> \u00e9s la segona novel\u00b7la que publica.<\/p>\n<p>[\/et_pb_text][\/et_pb_column][\/et_pb_row][et_pb_row _builder_version=&#8221;4.25.1&#8243; _module_preset=&#8221;default&#8221; locked=&#8221;off&#8221; global_colors_info=&#8221;{}&#8221;][et_pb_column type=&#8221;4_4&#8243; _builder_version=&#8221;4.25.1&#8243; _module_preset=&#8221;default&#8221; custom_padding=&#8221;40px|40px|40px|40px|true|true&#8221; custom_padding_tablet=&#8221;30px|30px|30px|30px|true|true&#8221; custom_padding_phone=&#8221;20px|20px|20px|20px|true|true&#8221; custom_padding_last_edited=&#8221;on|phone&#8221; border_width_all=&#8221;2px&#8221; border_color_all=&#8221;rgba(0,0,0,0.12)&#8221; global_colors_info=&#8221;{}&#8221;][et_pb_heading title=&#8221;%22El llibre, amb un clar vessant social que toca temes com la lluita de classes, la marginalitat i la necessitat d\u2019amor dels seus personatges, ha captivat el jurat.%22&#8243; _builder_version=&#8221;4.27.4&#8243; _module_preset=&#8221;2071fbcf-278d-4586-98a5-221b6e056cbb&#8221; title_text_align=&#8221;center&#8221; locked=&#8221;off&#8221;][\/et_pb_heading][et_pb_heading title=&#8221;- Naci\u00f3digital.cat&#8221; _builder_version=&#8221;4.27.4&#8243; _module_preset=&#8221;3ff1bbab-12e4-480b-9204-af30d8fcc406&#8243; title_text_align=&#8221;center&#8221; custom_margin=&#8221;||0px||false|false&#8221; locked=&#8221;off&#8221;][\/et_pb_heading][\/et_pb_column][\/et_pb_row][\/et_pb_section][et_pb_section fb_built=&#8221;1&#8243; disabled_on=&#8221;on|on|on&#8221; admin_label=&#8221;My Books&#8221; _builder_version=&#8221;4.25.1&#8243; _module_preset=&#8221;default&#8221; background_color=&#8221;gcid-530baf18-6aca-4d61-8496-2c5df0e0a0ca&#8221; disabled=&#8221;on&#8221; locked=&#8221;off&#8221; collapsed=&#8221;on&#8221; global_colors_info=&#8221;{%22gcid-530baf18-6aca-4d61-8496-2c5df0e0a0ca%22:%91%22background_color%22%93}&#8221;][et_pb_row _builder_version=&#8221;4.25.1&#8243; _module_preset=&#8221;default&#8221; global_colors_info=&#8221;{}&#8221;][et_pb_column type=&#8221;4_4&#8243; _builder_version=&#8221;4.25.1&#8243; _module_preset=&#8221;default&#8221; global_colors_info=&#8221;{}&#8221;][et_pb_heading title=&#8221;Altres t\u00edtols&#8221; _builder_version=&#8221;4.27.4&#8243; _module_preset=&#8221;0dfe8977-0d57-4314-afa7-2e25e7af53f7&#8243; title_text_align=&#8221;center&#8221; title_text_color=&#8221;#FFFFFF&#8221; custom_margin=&#8221;||10px||false|false&#8221; locked=&#8221;off&#8221;][\/et_pb_heading][\/et_pb_column][\/et_pb_row][et_pb_row column_structure=&#8221;1_3,1_3,1_3&#8243; _builder_version=&#8221;4.25.1&#8243; _module_preset=&#8221;default&#8221; custom_padding=&#8221;0px|||||&#8221; global_colors_info=&#8221;{}&#8221;][et_pb_column type=&#8221;1_3&#8243; _builder_version=&#8221;4.25.1&#8243; _module_preset=&#8221;default&#8221; global_colors_info=&#8221;{}&#8221;][et_pb_image src=&#8221;http:\/\/lle3espaicultural.com\/wp-content\/uploads\/2025\/05\/Powerless-scaled.jpg&#8221; title_text=&#8221;Powerless&#8221; url=&#8221;@ET-DC@eyJkeW5hbWljIjp0cnVlLCJjb250ZW50IjoicG9zdF9saW5rX3VybF9wYWdlIiwic2V0dGluZ3MiOnsicG9zdF9pZCI6IjM5NSJ9fQ==@&#8221; _builder_version=&#8221;4.27.4&#8243; _dynamic_attributes=&#8221;url&#8221; _module_preset=&#8221;default&#8221; custom_padding=&#8221;10%|10%|10%|10%|true|true&#8221; box_shadow_style=&#8221;preset3&#8243; box_shadow_horizontal=&#8221;10px&#8221; box_shadow_vertical=&#8221;40px&#8221; box_shadow_blur=&#8221;40px&#8221; box_shadow_spread=&#8221;10px&#8221; box_shadow_color=&#8221;rgba(0,0,0,0.11)&#8221; global_colors_info=&#8221;{}&#8221; box_shadow_color__hover_enabled=&#8221;on|hover&#8221; box_shadow_color__hover=&#8221;RGBA(255,255,255,0)&#8221; transform_styles__hover_enabled=&#8221;on|hover&#8221; transform_scale__hover_enabled=&#8221;on|hover&#8221; transform_translate__hover_enabled=&#8221;on|hover&#8221; transform_rotate__hover_enabled=&#8221;on|hover&#8221; transform_skew__hover_enabled=&#8221;on|hover&#8221; transform_origin__hover_enabled=&#8221;on|hover&#8221; transform_scale__hover=&#8221;99%|99%&#8221;][\/et_pb_image][et_pb_heading title=&#8221;Powerless&#8221; _builder_version=&#8221;4.27.4&#8243; _module_preset=&#8221;3ff1bbab-12e4-480b-9204-af30d8fcc406&#8243; title_text_align=&#8221;center&#8221; title_text_color=&#8221;#FFFFFF&#8221; custom_margin=&#8221;||0px||false|false&#8221; locked=&#8221;off&#8221;][\/et_pb_heading][et_pb_text _builder_version=&#8221;4.27.4&#8243; _module_preset=&#8221;b4b21022-e3c1-46ae-8c83-bea387179a05&#8243; text_text_color=&#8221;#FFFFFF&#8221; text_orientation=&#8221;center&#8221; locked=&#8221;off&#8221; global_colors_info=&#8221;{}&#8221;]<\/p>\n<p>Ella \u00e9s all\u00f2 que ell ha estat tota la vida ca\u00e7ant. Ell \u00e9s tot all\u00f2 que ella ha passat la vida fingint ser.<\/p>\n<p>[\/et_pb_text][\/et_pb_column][et_pb_column type=&#8221;1_3&#8243; _builder_version=&#8221;4.25.1&#8243; _module_preset=&#8221;default&#8221; global_colors_info=&#8221;{}&#8221;][et_pb_image src=&#8221;http:\/\/lle3espaicultural.com\/wp-content\/uploads\/2025\/05\/Powerful-scaled.jpg&#8221; title_text=&#8221;Powerful&#8221; url=&#8221;@ET-DC@eyJkeW5hbWljIjp0cnVlLCJjb250ZW50IjoicG9zdF9saW5rX3VybF9wYWdlIiwic2V0dGluZ3MiOnsicG9zdF9pZCI6IjQxNiJ9fQ==@&#8221; _builder_version=&#8221;4.27.4&#8243; _dynamic_attributes=&#8221;url&#8221; _module_preset=&#8221;default&#8221; custom_padding=&#8221;10%|10%|10%|10%|true|true&#8221; box_shadow_style=&#8221;preset3&#8243; box_shadow_horizontal=&#8221;10px&#8221; box_shadow_vertical=&#8221;40px&#8221; box_shadow_blur=&#8221;40px&#8221; box_shadow_spread=&#8221;10px&#8221; box_shadow_color=&#8221;rgba(0,0,0,0.11)&#8221; locked=&#8221;off&#8221; global_colors_info=&#8221;{}&#8221; box_shadow_color__hover_enabled=&#8221;on|hover&#8221; box_shadow_color__hover=&#8221;RGBA(255,255,255,0)&#8221; transform_styles__hover_enabled=&#8221;on|hover&#8221; transform_scale__hover=&#8221;99%|99%&#8221; transform_scale__hover_enabled=&#8221;on|hover&#8221; transform_translate__hover_enabled=&#8221;on|hover&#8221; transform_rotate__hover_enabled=&#8221;on|hover&#8221; transform_skew__hover_enabled=&#8221;on|hover&#8221; transform_origin__hover_enabled=&#8221;on|hover&#8221;][\/et_pb_image][et_pb_heading title=&#8221;Powerful&#8221; _builder_version=&#8221;4.27.4&#8243; _module_preset=&#8221;3ff1bbab-12e4-480b-9204-af30d8fcc406&#8243; title_text_align=&#8221;center&#8221; title_text_color=&#8221;#FFFFFF&#8221; custom_margin=&#8221;||0px||false|false&#8221; locked=&#8221;off&#8221;][\/et_pb_heading][et_pb_text _builder_version=&#8221;4.27.4&#8243; _module_preset=&#8221;b4b21022-e3c1-46ae-8c83-bea387179a05&#8243; text_text_color=&#8221;#FFFFFF&#8221; text_orientation=&#8221;center&#8221; locked=&#8221;off&#8221; global_colors_info=&#8221;{}&#8221;]<\/p>\n<p>Qu\u00e8 faries per la teva millor amiga, quan s&#8217;enfronta a un peill mortal? Qu\u00e8 faries per un desconegut que pot ser l&#8217;amor de la teva vida?<\/p>\n<p>[\/et_pb_text][\/et_pb_column][et_pb_column type=&#8221;1_3&#8243; _builder_version=&#8221;4.25.1&#8243; _module_preset=&#8221;default&#8221; global_colors_info=&#8221;{}&#8221;][et_pb_image src=&#8221;http:\/\/lle3espaicultural.com\/wp-content\/uploads\/2025\/05\/Reckless-scaled.jpg&#8221; title_text=&#8221;Reckless&#8221; url=&#8221;@ET-DC@eyJkeW5hbWljIjp0cnVlLCJjb250ZW50IjoicG9zdF9saW5rX3VybF9wYWdlIiwic2V0dGluZ3MiOnsicG9zdF9pZCI6IjQyMiJ9fQ==@&#8221; _builder_version=&#8221;4.27.4&#8243; _dynamic_attributes=&#8221;url&#8221; _module_preset=&#8221;default&#8221; custom_padding=&#8221;10%|10%|10%|10%|true|true&#8221; box_shadow_style=&#8221;preset3&#8243; box_shadow_horizontal=&#8221;10px&#8221; box_shadow_vertical=&#8221;40px&#8221; box_shadow_blur=&#8221;40px&#8221; box_shadow_spread=&#8221;10px&#8221; box_shadow_color=&#8221;rgba(0,0,0,0.11)&#8221; locked=&#8221;off&#8221; global_colors_info=&#8221;{}&#8221; box_shadow_color__hover_enabled=&#8221;on|hover&#8221; box_shadow_color__hover=&#8221;RGBA(255,255,255,0)&#8221; transform_styles__hover_enabled=&#8221;on|hover&#8221; transform_scale__hover=&#8221;99%|99%&#8221; transform_scale__hover_enabled=&#8221;on|hover&#8221; transform_translate__hover_enabled=&#8221;on|hover&#8221; transform_rotate__hover_enabled=&#8221;on|hover&#8221; transform_skew__hover_enabled=&#8221;on|hover&#8221; transform_origin__hover_enabled=&#8221;on|hover&#8221;][\/et_pb_image][et_pb_heading title=&#8221;Reckless&#8221; _builder_version=&#8221;4.27.4&#8243; _module_preset=&#8221;3ff1bbab-12e4-480b-9204-af30d8fcc406&#8243; title_text_align=&#8221;center&#8221; title_text_color=&#8221;#FFFFFF&#8221; custom_margin=&#8221;||0px||false|false&#8221; locked=&#8221;off&#8221;][\/et_pb_heading][et_pb_text _builder_version=&#8221;4.27.4&#8243; _module_preset=&#8221;b4b21022-e3c1-46ae-8c83-bea387179a05&#8243; text_text_color=&#8221;#FFFFFF&#8221; text_orientation=&#8221;center&#8221; locked=&#8221;off&#8221; global_colors_info=&#8221;{}&#8221;]<\/p>\n<p><em data-start=\"0\" data-end=\"10\" data-is-only-node=\"\">Reckless<\/em> intensifica l&#8217;acci\u00f3 amb noves aliances, secrets perillosos i un amor que es posa a prova enmig de la rebel\u00b7li\u00f3.<\/p>\n<p>[\/et_pb_text][\/et_pb_column][\/et_pb_row][et_pb_row _builder_version=&#8221;4.25.1&#8243; _module_preset=&#8221;default&#8221; global_colors_info=&#8221;{}&#8221;][et_pb_column type=&#8221;4_4&#8243; _builder_version=&#8221;4.25.1&#8243; _module_preset=&#8221;default&#8221; global_colors_info=&#8221;{}&#8221;][et_pb_button button_url=&#8221;@ET-DC@eyJkeW5hbWljIjp0cnVlLCJjb250ZW50IjoicG9zdF9saW5rX3VybF9wYWdlIiwic2V0dGluZ3MiOnsicG9zdF9pZCI6IjE0MyJ9fQ==@&#8221; button_text=&#8221;Tots els llibres&#8221; button_alignment=&#8221;center&#8221; _builder_version=&#8221;4.27.4&#8243; _dynamic_attributes=&#8221;button_url&#8221; _module_preset=&#8221;b51c78fe-39b2-4887-90da-87ffcbc74c66&#8243; global_colors_info=&#8221;{}&#8221;][\/et_pb_button][\/et_pb_column][\/et_pb_row][\/et_pb_section][et_pb_section fb_built=&#8221;1&#8243; admin_label=&#8221;Footer&#8221; _builder_version=&#8221;4.27.4&#8243; _module_preset=&#8221;default&#8221; background_color=&#8221;gcid-530baf18-6aca-4d61-8496-2c5df0e0a0ca&#8221; custom_margin=&#8221;0px||||false|false&#8221; global_module=&#8221;98&#8243; saved_tabs=&#8221;all&#8221; locked=&#8221;off&#8221; collapsed=&#8221;on&#8221; global_colors_info=&#8221;{%22gcid-530baf18-6aca-4d61-8496-2c5df0e0a0ca%22:%91%22background_color%22%93}&#8221;][et_pb_row column_structure=&#8221;1_3,1_3,1_3&#8243; _builder_version=&#8221;4.27.4&#8243; _module_preset=&#8221;default&#8221; module_alignment=&#8221;center&#8221; custom_margin=&#8221;|auto||382px||&#8221; global_colors_info=&#8221;{}&#8221;][et_pb_column type=&#8221;1_3&#8243; _builder_version=&#8221;4.25.1&#8243; _module_preset=&#8221;default&#8221; global_colors_info=&#8221;{}&#8221;][et_pb_image src=&#8221;http:\/\/lle3espaicultural.com\/wp-content\/uploads\/2025\/02\/logolle3minW.png&#8221; title_text=&#8221;logolle3minW&#8221; _builder_version=&#8221;4.27.4&#8243; _module_preset=&#8221;default&#8221; max_width=&#8221;40%&#8221; max_width_tablet=&#8221;&#8221; max_width_phone=&#8221;&#8221; max_width_last_edited=&#8221;on|desktop&#8221; global_colors_info=&#8221;{}&#8221;][\/et_pb_image][et_pb_text _builder_version=&#8221;4.27.4&#8243; _dynamic_attributes=&#8221;link_option_url&#8221; _module_preset=&#8221;75b5dd0c-f985-4a08-b761-2a99daeb180a&#8221; text_font_size=&#8221;12px&#8221; link_text_color=&#8221;#8800ff&#8221; text_orientation=&#8221;center&#8221; custom_margin=&#8221;||0px|||&#8221; link_option_url=&#8221;@ET-DC@eyJkeW5hbWljIjp0cnVlLCJjb250ZW50IjoicG9zdF9saW5rX3VybF9wYWdlIiwic2V0dGluZ3MiOnsicG9zdF9pZCI6IjEwNiJ9fQ==@&#8221; global_colors_info=&#8221;{%22gcid-secondary-color%22:%91%22link_text_color%22,%22link_text_color%22,%22link_text_color%22,%22link_text_color%22,%22link_text_color%22,%22link_text_color%22%93}&#8221;]<\/p>\n<p style=\"text-align: left;\"><span>Av\u00eds Legal<br \/><\/span><\/p>\n<p>[\/et_pb_text][et_pb_text _builder_version=&#8221;4.27.4&#8243; _dynamic_attributes=&#8221;link_option_url&#8221; _module_preset=&#8221;75b5dd0c-f985-4a08-b761-2a99daeb180a&#8221; text_font_size=&#8221;12px&#8221; link_text_color=&#8221;#8800ff&#8221; text_orientation=&#8221;center&#8221; custom_margin=&#8221;||0px|||&#8221; link_option_url=&#8221;@ET-DC@eyJkeW5hbWljIjp0cnVlLCJjb250ZW50IjoicG9zdF9saW5rX3VybF9wYWdlIiwic2V0dGluZ3MiOnsicG9zdF9pZCI6IjE4MDkifX0=@&#8221; global_colors_info=&#8221;{%22gcid-secondary-color%22:%91%22link_text_color%22,%22link_text_color%22,%22link_text_color%22,%22link_text_color%22,%22link_text_color%22,%22link_text_color%22%93}&#8221;]<\/p>\n<p style=\"text-align: left;\"><span>Accessibilitat<br \/><\/span><\/p>\n<p>[\/et_pb_text][et_pb_text _builder_version=&#8221;4.27.4&#8243; _dynamic_attributes=&#8221;link_option_url&#8221; _module_preset=&#8221;75b5dd0c-f985-4a08-b761-2a99daeb180a&#8221; text_font_size=&#8221;12px&#8221; link_text_color=&#8221;#8800ff&#8221; text_orientation=&#8221;center&#8221; link_option_url=&#8221;@ET-DC@eyJkeW5hbWljIjp0cnVlLCJjb250ZW50IjoicG9zdF9saW5rX3VybF9wYWdlIiwic2V0dGluZ3MiOnsicG9zdF9pZCI6IjExMyJ9fQ==@&#8221; global_colors_info=&#8221;{%22gcid-secondary-color%22:%91%22link_text_color%22,%22link_text_color%22,%22link_text_color%22,%22link_text_color%22,%22link_text_color%22,%22link_text_color%22%93}&#8221;]<\/p>\n<p style=\"text-align: left;\"><span>Pol\u00edtica de privacitat<\/span><span style=\"text-decoration: underline; color: #ffffff;\"><strong><a <\/p>\n<p>[\/et_pb_text][\/et_pb_column][et_pb_column type=&#8221;1_3&#8243; _builder_version=&#8221;4.25.1&#8243; _module_preset=&#8221;default&#8221; global_colors_info=&#8221;{}&#8221;][et_pb_image src=&#8221;http:\/\/lle3espaicultural.com\/wp-content\/uploads\/2025\/02\/Captura-de-pantalla-2025-02-19-a-las-12.46.30.png&#8221; title_text=&#8221;Captura de pantalla 2025-02-19 a las 12.46.30&#8243; _builder_version=&#8221;4.27.4&#8243; _module_preset=&#8221;default&#8221; max_width=&#8221;100px&#8221; max_width_last_edited=&#8221;off|desktop&#8221; module_alignment=&#8221;center&#8221; max_height=&#8221;100px&#8221; custom_margin=&#8221;|110px||||&#8221; filter_saturate=&#8221;0%&#8221; locked=&#8221;off&#8221; global_colors_info=&#8221;{}&#8221;][\/et_pb_image][et_pb_text _builder_version=&#8221;4.25.1&#8243; _module_preset=&#8221;75b5dd0c-f985-4a08-b761-2a99daeb180a&#8221; text_text_color=&#8221;gcid-834db33f-400f-4068-917d-2de62be3172e&#8221; link_text_color=&#8221;#8800ff&#8221; text_orientation=&#8221;center&#8221; global_colors_info=&#8221;{%22gcid-secondary-color%22:%91%22link_text_color%22,%22link_text_color%22,%22link_text_color%22,%22link_text_color%22,%22link_text_color%22%93,%22gcid-834db33f-400f-4068-917d-2de62be3172e%22:%91%22text_text_color%22%93}&#8221;]<\/p>\n<p><strong>Lle.3<\/strong> \u00e9s el resultat del somni i la passi\u00f3 d\u2019\u00c0ngels Caparr\u00f3s. Dona de lletres \u2018pures\u2019 va estudiar Filologia Catalana a la Universitat de Barcelona.<\/p>\n<p>[\/et_pb_text][\/et_pb_column][et_pb_column type=&#8221;1_3&#8243; _builder_version=&#8221;4.25.1&#8243; _module_preset=&#8221;default&#8221; global_colors_info=&#8221;{}&#8221;][et_pb_text _builder_version=&#8221;4.27.4&#8243; _module_preset=&#8221;75b5dd0c-f985-4a08-b761-2a99daeb180a&#8221; text_font_size=&#8221;12px&#8221; link_font=&#8221;|||||||RGBA(255,255,255,0)|&#8221; link_text_color=&#8221;#FFFFFF&#8221; text_orientation=&#8221;center&#8221; global_colors_info=&#8221;{}&#8221;]<\/p>\n<p style=\"text-align: right;\"><span><strong>Sant Sebasti\u00e0, 37<\/strong><br \/>\n43540 La R\u00e0pita<br \/>\nTarragona<br \/>\n<strong>+34 654 82 58 16<\/strong><\/span><\/p>\n<p style=\"text-align: right;\"><span style=\"color: #ffffff;\"><strong><a href=\"mailto:lle3espaicultural@gmail.com\" style=\"color: #ffffff;\">lle3espaicultural@gmail.com<\/a><\/strong><\/span><\/p>\n<p>[\/et_pb_text][et_pb_social_media_follow icon_color=&#8221;#FFFFFF&#8221; _builder_version=&#8221;4.27.4&#8243; _module_preset=&#8221;default&#8221; text_orientation=&#8221;right&#8221; global_colors_info=&#8221;{}&#8221;][et_pb_social_media_follow_network social_network=&#8221;facebook&#8221; _builder_version=&#8221;4.25.1&#8243; _module_preset=&#8221;default&#8221; global_colors_info=&#8221;{}&#8221; follow_button=&#8221;off&#8221; url_new_window=&#8221;on&#8221;]facebook[\/et_pb_social_media_follow_network][et_pb_social_media_follow_network social_network=&#8221;instagram&#8221; _builder_version=&#8221;4.25.1&#8243; _module_preset=&#8221;default&#8221; global_colors_info=&#8221;{}&#8221; follow_button=&#8221;off&#8221; url_new_window=&#8221;on&#8221;]instagram[\/et_pb_social_media_follow_network][et_pb_social_media_follow_network social_network=&#8221;linkedin&#8221; _builder_version=&#8221;4.25.1&#8243; _module_preset=&#8221;default&#8221; global_colors_info=&#8221;{}&#8221; follow_button=&#8221;off&#8221; url_new_window=&#8221;on&#8221;]linkedin[\/et_pb_social_media_follow_network][\/et_pb_social_media_follow][\/et_pb_column][\/et_pb_row][et_pb_row _builder_version=&#8221;4.27.4&#8243; _module_preset=&#8221;default&#8221; global_colors_info=&#8221;{}&#8221;][et_pb_column type=&#8221;4_4&#8243; _builder_version=&#8221;4.27.4&#8243; _module_preset=&#8221;default&#8221; global_colors_info=&#8221;{}&#8221;][et_pb_text _builder_version=&#8221;4.27.4&#8243; _module_preset=&#8221;default&#8221; text_font=&#8221;|||||on|||&#8221; text_text_color=&#8221;#FFFFFF&#8221; global_colors_info=&#8221;{}&#8221;]<\/p>\n<p style=\"text-align: center;\">PROGRAMA KIT DIGITAL FINANCIADO POR LOS FONDOS NEXT GENERATION DEL MECANISMO DE RECUPERACI\u00d3N Y RESILIENCIA<\/p>\n<p>[\/et_pb_text][et_pb_image src=&#8221;http:\/\/lle3espaicultural.com\/wp-content\/uploads\/2025\/06\/CONBANDERA_KITDIGITAL-2-scaled.png&#8221; title_text=&#8221;CONBANDERA_KITDIGITAL-2&#8243; _builder_version=&#8221;4.27.4&#8243; _module_preset=&#8221;default&#8221; background_color=&#8221;#FFFFFF&#8221; custom_padding=&#8221;12px|12px|12px|12px|true|true&#8221; global_colors_info=&#8221;{}&#8221;][\/et_pb_image][\/et_pb_column][\/et_pb_row][\/et_pb_section]<\/p>\n","protected":false},"excerpt":{"rendered":"<p>Prometeu Dolors viu a Palma i fa de cambrer en una cafeteria del centre. El sotrac que \u00e9s la seva vida s\u2019ha capgirat despr\u00e9s de con\u00e8ixer, en un lloc nocturn de piques, el jove Carles. D\u2019aquell moment en\u00e7\u00e0, la vida de Prometeu esdev\u00e9 una lluita per a protegir la pr\u00f2pia identitat dels amics, els amants, [&hellip;]<\/p>\n","protected":false},"author":2,"featured_media":0,"parent":0,"menu_order":0,"comment_status":"closed","ping_status":"closed","template":"","meta":{"_et_pb_use_builder":"on","_et_pb_old_content":"","_et_gb_content_width":"","footnotes":""},"class_list":["post-2034","page","type-page","status-publish","hentry"],"yoast_head":"<!-- This site is optimized with the Yoast SEO plugin v27.2 - https:\/\/yoast.com\/product\/yoast-seo-wordpress\/ -->\n<title>Prometeu de mil maneres - Lle.3<\/title>\n<meta name=\"robots\" content=\"index, follow, max-snippet:-1, max-image-preview:large, max-video-preview:-1\" \/>\n<link rel=\"canonical\" href=\"https:\/\/lle3espaicultural.com\/es\/prometeu-de-mil-maneres-2\/\" \/>\n<meta property=\"og:locale\" content=\"es_ES\" \/>\n<meta property=\"og:type\" content=\"article\" \/>\n<meta property=\"og:title\" content=\"Prometeu de mil maneres - Lle.3\" \/>\n<meta property=\"og:description\" content=\"Prometeu Dolors viu a Palma i fa de cambrer en una cafeteria del centre. El sotrac que \u00e9s la seva vida s\u2019ha capgirat despr\u00e9s de con\u00e8ixer, en un lloc nocturn de piques, el jove Carles. D\u2019aquell moment en\u00e7\u00e0, la vida de Prometeu esdev\u00e9 una lluita per a protegir la pr\u00f2pia identitat dels amics, els amants, [&hellip;]\" \/>\n<meta property=\"og:url\" content=\"https:\/\/lle3espaicultural.com\/es\/prometeu-de-mil-maneres-2\/\" \/>\n<meta property=\"og:site_name\" content=\"Lle.3\" \/>\n<meta property=\"article:modified_time\" content=\"2026-03-23T18:24:58+00:00\" \/>\n<meta name=\"twitter:card\" content=\"summary_large_image\" \/>\n<script type=\"application\/ld+json\" class=\"yoast-schema-graph\">{\"@context\":\"https:\/\/schema.org\",\"@graph\":[{\"@type\":\"WebPage\",\"@id\":\"https:\/\/lle3espaicultural.com\/prometeu-de-mil-maneres-2\/\",\"url\":\"https:\/\/lle3espaicultural.com\/prometeu-de-mil-maneres-2\/\",\"name\":\"Prometeu de mil maneres - Lle.3\",\"isPartOf\":{\"@id\":\"https:\/\/lle3espaicultural.com\/#website\"},\"datePublished\":\"2026-03-23T12:19:15+00:00\",\"dateModified\":\"2026-03-23T18:24:58+00:00\",\"breadcrumb\":{\"@id\":\"https:\/\/lle3espaicultural.com\/prometeu-de-mil-maneres-2\/#breadcrumb\"},\"inLanguage\":\"es\",\"potentialAction\":[{\"@type\":\"ReadAction\",\"target\":[\"https:\/\/lle3espaicultural.com\/prometeu-de-mil-maneres-2\/\"]}]},{\"@type\":\"BreadcrumbList\",\"@id\":\"https:\/\/lle3espaicultural.com\/prometeu-de-mil-maneres-2\/#breadcrumb\",\"itemListElement\":[{\"@type\":\"ListItem\",\"position\":1,\"name\":\"Portada\",\"item\":\"https:\/\/lle3espaicultural.com\/\"},{\"@type\":\"ListItem\",\"position\":2,\"name\":\"Prometeu de mil maneres\"}]},{\"@type\":\"WebSite\",\"@id\":\"https:\/\/lle3espaicultural.com\/#website\",\"url\":\"https:\/\/lle3espaicultural.com\/\",\"name\":\"Lle.3\",\"description\":\"Espai Cultural\",\"publisher\":{\"@id\":\"https:\/\/lle3espaicultural.com\/#organization\"},\"potentialAction\":[{\"@type\":\"SearchAction\",\"target\":{\"@type\":\"EntryPoint\",\"urlTemplate\":\"https:\/\/lle3espaicultural.com\/?s={search_term_string}\"},\"query-input\":{\"@type\":\"PropertyValueSpecification\",\"valueRequired\":true,\"valueName\":\"search_term_string\"}}],\"inLanguage\":\"es\"},{\"@type\":\"Organization\",\"@id\":\"https:\/\/lle3espaicultural.com\/#organization\",\"name\":\"Lle.3\",\"url\":\"https:\/\/lle3espaicultural.com\/\",\"logo\":{\"@type\":\"ImageObject\",\"inLanguage\":\"es\",\"@id\":\"https:\/\/lle3espaicultural.com\/#\/schema\/logo\/image\/\",\"url\":\"https:\/\/lle3espaicultural.com\/wp-content\/uploads\/2025\/02\/logolle3min.png\",\"contentUrl\":\"https:\/\/lle3espaicultural.com\/wp-content\/uploads\/2025\/02\/logolle3min.png\",\"width\":500,\"height\":250,\"caption\":\"Lle.3\"},\"image\":{\"@id\":\"https:\/\/lle3espaicultural.com\/#\/schema\/logo\/image\/\"}}]}<\/script>\n<!-- \/ Yoast SEO plugin. -->","yoast_head_json":{"title":"Prometeu de mil maneres - Lle.3","robots":{"index":"index","follow":"follow","max-snippet":"max-snippet:-1","max-image-preview":"max-image-preview:large","max-video-preview":"max-video-preview:-1"},"canonical":"https:\/\/lle3espaicultural.com\/es\/prometeu-de-mil-maneres-2\/","og_locale":"es_ES","og_type":"article","og_title":"Prometeu de mil maneres - Lle.3","og_description":"Prometeu Dolors viu a Palma i fa de cambrer en una cafeteria del centre. El sotrac que \u00e9s la seva vida s\u2019ha capgirat despr\u00e9s de con\u00e8ixer, en un lloc nocturn de piques, el jove Carles. D\u2019aquell moment en\u00e7\u00e0, la vida de Prometeu esdev\u00e9 una lluita per a protegir la pr\u00f2pia identitat dels amics, els amants, [&hellip;]","og_url":"https:\/\/lle3espaicultural.com\/es\/prometeu-de-mil-maneres-2\/","og_site_name":"Lle.3","article_modified_time":"2026-03-23T18:24:58+00:00","twitter_card":"summary_large_image","schema":{"@context":"https:\/\/schema.org","@graph":[{"@type":"WebPage","@id":"https:\/\/lle3espaicultural.com\/prometeu-de-mil-maneres-2\/","url":"https:\/\/lle3espaicultural.com\/prometeu-de-mil-maneres-2\/","name":"Prometeu de mil maneres - Lle.3","isPartOf":{"@id":"https:\/\/lle3espaicultural.com\/#website"},"datePublished":"2026-03-23T12:19:15+00:00","dateModified":"2026-03-23T18:24:58+00:00","breadcrumb":{"@id":"https:\/\/lle3espaicultural.com\/prometeu-de-mil-maneres-2\/#breadcrumb"},"inLanguage":"es","potentialAction":[{"@type":"ReadAction","target":["https:\/\/lle3espaicultural.com\/prometeu-de-mil-maneres-2\/"]}]},{"@type":"BreadcrumbList","@id":"https:\/\/lle3espaicultural.com\/prometeu-de-mil-maneres-2\/#breadcrumb","itemListElement":[{"@type":"ListItem","position":1,"name":"Portada","item":"https:\/\/lle3espaicultural.com\/"},{"@type":"ListItem","position":2,"name":"Prometeu de mil maneres"}]},{"@type":"WebSite","@id":"https:\/\/lle3espaicultural.com\/#website","url":"https:\/\/lle3espaicultural.com\/","name":"Lle.3","description":"Espai Cultural","publisher":{"@id":"https:\/\/lle3espaicultural.com\/#organization"},"potentialAction":[{"@type":"SearchAction","target":{"@type":"EntryPoint","urlTemplate":"https:\/\/lle3espaicultural.com\/?s={search_term_string}"},"query-input":{"@type":"PropertyValueSpecification","valueRequired":true,"valueName":"search_term_string"}}],"inLanguage":"es"},{"@type":"Organization","@id":"https:\/\/lle3espaicultural.com\/#organization","name":"Lle.3","url":"https:\/\/lle3espaicultural.com\/","logo":{"@type":"ImageObject","inLanguage":"es","@id":"https:\/\/lle3espaicultural.com\/#\/schema\/logo\/image\/","url":"https:\/\/lle3espaicultural.com\/wp-content\/uploads\/2025\/02\/logolle3min.png","contentUrl":"https:\/\/lle3espaicultural.com\/wp-content\/uploads\/2025\/02\/logolle3min.png","width":500,"height":250,"caption":"Lle.3"},"image":{"@id":"https:\/\/lle3espaicultural.com\/#\/schema\/logo\/image\/"}}]}},"_links":{"self":[{"href":"https:\/\/lle3espaicultural.com\/es\/wp-json\/wp\/v2\/pages\/2034","targetHints":{"allow":["GET"]}}],"collection":[{"href":"https:\/\/lle3espaicultural.com\/es\/wp-json\/wp\/v2\/pages"}],"about":[{"href":"https:\/\/lle3espaicultural.com\/es\/wp-json\/wp\/v2\/types\/page"}],"author":[{"embeddable":true,"href":"https:\/\/lle3espaicultural.com\/es\/wp-json\/wp\/v2\/users\/2"}],"replies":[{"embeddable":true,"href":"https:\/\/lle3espaicultural.com\/es\/wp-json\/wp\/v2\/comments?post=2034"}],"version-history":[{"count":3,"href":"https:\/\/lle3espaicultural.com\/es\/wp-json\/wp\/v2\/pages\/2034\/revisions"}],"predecessor-version":[{"id":2053,"href":"https:\/\/lle3espaicultural.com\/es\/wp-json\/wp\/v2\/pages\/2034\/revisions\/2053"}],"wp:attachment":[{"href":"https:\/\/lle3espaicultural.com\/es\/wp-json\/wp\/v2\/media?parent=2034"}],"curies":[{"name":"wp","href":"https:\/\/api.w.org\/{rel}","templated":true}]}}